{"id":4310,"date":"2024-01-23T17:15:54","date_gmt":"2024-01-23T16:15:54","guid":{"rendered":"https:\/\/www.swiss-safety.ch\/?page_id=4310"},"modified":"2025-01-24T09:05:15","modified_gmt":"2025-01-24T08:05:15","slug":"protezione-della-pelle","status":"publish","type":"page","link":"https:\/\/www.swiss-safety.ch\/it\/e-toolbox\/protezione-della-pelle\/","title":{"rendered":"Protezione della pelle"},"content":{"rendered":"<p>\n    <a href=\"#risiken-und-gefaehrdungen\">1. Rischi<\/a>\n<\/p>\n<p>\n    <a href=\"#massnahmen\">2. Misure<\/a>\n<\/p>\n<p>\n    <a href=\"#geeignete-psa\">3. DPI adatti<\/a>\n<\/p>\n<p>\n    <a href=\"#weitere-hinweise\">4. Indicazioni<\/a>\n<\/p>\n<p>\n    <a href=\"\/it\/e-toolbox\/categorie\/\">&#8220;Categorie\u201d<\/a>\n<\/p>\n<ul>\n<li>\n        <a href=\"#risiken-und-gefaehrdungen\">1. Risiken<\/a>\n    <\/li>\n<li>\n        <a href=\"#massnahmen\">2. Massnahmen<\/a>\n    <\/li>\n<li>\n        <a href=\"#geeignete-psa\">3. geeignete PSA<\/a>\n    <\/li>\n<li>\n        <a href=\"#weitere-hinweise\">4. Hinweise\/Videos<\/a>\n    <\/li>\n<li>\n        <a href=\"\/e-toolbox\/kategorien\/\">Kategorien<\/a>\n    <\/li>\n<\/ul>\n<div>\n<p>        <img decoding=\"async\" src=\"\/wp-content\/uploads\/toolbox_hautschutz_titel.png\" alt=\"\"><\/p>\n<h2>La pelle, un tessuto vivente<\/h2>\n<div>\n<p>La pelle \u00e8 l\u2019organo pi\u00f9 grande del corpo umano. Essendo un tessuto vivente, si rinnova di continuo e in questo modo la sua superficie pu\u00f2 svolgere la sua funzione di barriera protettiva.<\/p>\n<p>Viste le sollecitazioni a cui \u00e8 sottoposta nella nostra vita quotidiana e lavorativa, \u00e8 quindi importante mantenere la nostra pelle in buona salute.<\/p>\n<\/div>\n<\/div>\n<div>\n<\/div>\n<h2>1. Possibili rischi e pericoli<\/h2>\n<div>\n<p>        <img decoding=\"async\" src=\"\/wp-content\/uploads\/toolbox_hautschutz_1.png\" alt=\"\"><\/p>\n<h3>Perch\u00e9 la PROTEZIONE DELLA PELLE  \u00e8 un tema cos\u00ec importante?<\/h3>\n<div>\n<ul>\n<li>Perch\u00e9 quasi un quinto di tutte le malattie professionali registrate riguardano danni alla pelle.<\/li>\n<li>Perch\u00e9 le assenze dal lavoro, le terapie e la riqualificazione professionale comportano altissimi costi per l\u2019economia.<\/li>\n<li>Perch\u00e9 la trasformazione della pelle da sana a malata avviene gradualmente e nella maggior parte dei casi si interviene troppo tardi.<\/li>\n<li>Perch\u00e9 la qualit\u00e0 della vita delle persone colpite viene fortemente compromessa.<\/li>\n<li>Perch\u00e9 con la prevenzione si possono evitare molti danni e molti dolori.<\/li>\n<\/ul>\n<\/div>\n<\/div>\n<div>\n<h3>In quali settori si deve tenere in considerazione un elevato rischio quando si eseguono determinati lavori?<\/h3>\n<div>\n<ul>\n<li>Nell\u2019edilizia (muratori e piastrellisti)<\/li>\n<li>Nell\u2019industria siderurgica (tornitura, fresatura, zincatura)<\/li>\n<li>Nell\u2019industria chimica<\/li>\n<li>Nella lavorazione delle carni<\/li>\n<li>Nella produzione di materiali cementizi<\/li>\n<li>Nelle attivit\u00e0 di acconciatura<\/li>\n<li>Nel settore alberghiero<\/li>\n<li>Nelle attivit\u00e0 assistenziali<\/li>\n<li>In agricoltura<\/li>\n<li>Nel settore delle pulizie<\/li>\n<li>Ovunque si lavori in intenso contatto con materiali adesivi<\/li>\n<\/ul>\n<\/div>\n<\/div>\n<div>\n<p>        <img decoding=\"async\" src=\"\/wp-content\/uploads\/Bildschirmfoto-2024-01-16-um-17.00.13.png\" alt=\"\"><\/p>\n<h3>Quali sono le pi\u00f9 diffuse malattie della pelle?<\/h3>\n<div>\n<p>L\u2019eczema irritativo da contatto (eczema tossico-irritativo) rientra fra le pi\u00f9 diffuse malattie professionali.<\/p>\n<p>\u00c8 causato dal contatto con acidi, liscive, solventi e altre sostanze irritanti per la pelle. \u00c8 diffuso anche l\u2019eczema da allergia da contatto, provocato dal contatto con sostanze sensibilizzanti.<\/p>\n<\/div>\n<\/div>\n<h3>La pelle \u00e8 un organo complesso<\/h3>\n<div>\n<ul>\n<li>La pelle costituisce circa il 10 % del peso corporeo.<\/li>\n<li>La pelle ha una superficie complessiva di circa 2 m2.<\/li>\n<li>Su tutto il corpo sono distribuite circa 2 milioni di ghiandole sudoripare.<\/li>\n<li>La resistenza alla lacerazione della pelle arriva fino a 90 kg\/cm.<\/li>\n<li>I follicoli piliferi da cui nascono i peli sono circa 5 milioni. Nella zona della testa sono circa 1 milione.<\/li>\n<li>Su ogni cm2 di pelle vi sono in media:<\/li>\n<\/ul>\n<\/div>\n<div>\n<p>&gt; 6 000 000 di cellule <br \/>&gt; 5 000 recettori sensoriali <br \/>&gt; 400 fibre nervose<br \/>&gt; 200 recettori del dolore <br \/>&gt; 1 m di vasi sanguigni <br \/>&gt; 100 ghiandole sudoripare<br \/>&gt; 25 recettori tattili <br \/>&gt; 15 ghiandole sebacee <br \/>&gt; 12 recettori del freddo e 2 del caldo<\/p>\n<\/div>\n<div>\n<p>        <img decoding=\"async\" src=\"\/wp-content\/uploads\/Grafik_01_Hautschutz_ITA.jpg\" alt=\"\"><\/p>\n<h3>La struttura della pelle<\/h3>\n<div>\n<p>La pelle \u00e8 suddivisa in tre strati principali:<\/p>\n<p>L\u2019<strong>epidermide <\/strong> (strato superficiale)<br \/>Il <strong>derma <\/strong> (strato intermedio)<br \/>L\u2019<strong>ipoderma<\/strong> (strato sottocutaneo)<\/p>\n<p>I preparati per la protezione della pelle agiscono sull\u2019epidermide!<\/p>\n<\/div>\n<\/div>\n<h3>La funzione della pelle<\/h3>\n<div>\n<p>La nostra pelle svolge costantemente varie funzioni:<\/p>\n<ul>\n<li>come uno <strong>scudo protettivo<\/strong> reagisce agli influssi chimici respingendo sostanze estranee e agenti patogeni<\/li>\n<li>come un <strong>rel\u00e8<\/strong> reagisce agli stimoli del dolore, del prurito e della temperatura<\/li>\n<li>come un <strong>isolante<\/strong> protegge dal vento e dalle intemperie<\/li>\n<li>come un <strong>sensore fotoelettrico<\/strong> prova a impedire che i raggi UV producano danni nei tessuti pi\u00f9 profondi<\/li>\n<li>come una <strong>zona di assorbimento<\/strong> compensa la pressione e gli urti<\/li>\n<li>come un <strong>silo<\/strong> conserva grassi, carboidrati e sali<\/li>\n<li>come uno <strong>strumento escretore<\/strong> secerne sudore, sebo e anidride carbonica<\/li>\n<li>come un <strong>organo metabolico<\/strong> ha una funzione depuratrice<\/li>\n<\/ul>\n<p>Solo una pelle sana pu\u00f2 eseguire tutti questi compiti!<\/p>\n<\/div>\n<h2>Domande<\/h2>\n<ul>\n<li>\n<div>In quali lavori all\u2019interno della nostra azienda ci sono pericoli per la nostra pelle?<\/div>\n<\/li>\n<li>\n<div>All\u2019interno della nostra azienda viene posta la necessaria attenzione alla protezione della pelle?<\/div>\n<\/li>\n<li>\n<div>I nostri dipendenti sono informati riguardo al corretto utilizzo dei prodotti per la protezione della pelle?<\/div>\n<\/li>\n<li>\n<div>I nostri dipendenti conoscono il senso e lo scopo di un\u2019efficace protezione della pelle?<\/div>\n<\/li>\n<li>\n<div>I nostri dipendenti conoscono le possibili cause di problemi e malattie della pelle associati alle loro attivit\u00e0 professionali?<\/div>\n<\/li>\n<li>\n<div>\u00c8 garantita la disponibilit\u00e0 di prodotti per la protezione della pelle adeguati nei relativi luoghi di lavoro e di lavaggio?<\/div>\n<\/li>\n<li>\n<div>Chi \u00e8 responsabile all\u2019interno della nostra azienda per la corretta attuazione dei principi per la protezione della pelle (protezione della pelle, pulizia della pelle, cura della pelle)?<\/div>\n<\/li>\n<li>\n<div>All\u2019interno della nostra azienda gli episodi di irritazione e problemi della pelle vengono registrati e ne vengono determinate le cause?<\/div>\n<\/li>\n<\/ul>\n<div>\n<\/div>\n<h2>2. Quali misure vanno verificate?<\/h2>\n<div>\n<p>        <img decoding=\"async\" src=\"\/wp-content\/uploads\/Grafik_02_Hautschutz_ITA.jpg\" alt=\"\"><\/p>\n<h3>Gli agenti esterni irritano la pelle<\/h3>\n<div>\n<p>La normale vita quotidiana e gli effetti delle attivit\u00e0 lavorative compromettono la naturale funzione di barriera, in particolare sulle mani.<\/p>\n<p>Quando tali effetti risultano particolarmente gravi, la pelle non riesce pi\u00f9 a rigenerarsi e diventa permeabile come un setaccio, permettendo alle sostanze dannose di penetrare nella pelle e causare un\u2019irritazione: la pelle si arrossa, si secca e talvolta si screpola.<\/p>\n<\/div>\n<\/div>\n<div>\n<h3>Quali sostanze possono risultare dannose per la pelle?<\/h3>\n<div>\n<ul>\n<li>Acidi<\/li>\n<li>Liscive<\/li>\n<li>Oli minerali<\/li>\n<li>Lubrorefrigeranti sintetici<\/li>\n<li>Cemento fresco, non indurito<\/li>\n<li>Componenti plastici reattivi (incluse colle bicomponenti e istantanee)<\/li>\n<li>Additivi per gomma<\/li>\n<li>Catrami<\/li>\n<li>Composti metallici<\/li>\n<li>Solventi<\/li>\n<li>Saponi e altri detergenti<\/li>\n<li>Alchilfenoli (causano alterazioni della pigmentazione)<\/li>\n<\/ul>\n<\/div>\n<\/div>\n<div>\n<p>        <img decoding=\"async\" src=\"\/wp-content\/uploads\/toolbox_hautschutz_2.png\" alt=\"\"><\/p>\n<h3>Le irritazioni della pelle favoriscono le allergie<\/h3>\n<div>\n<p>La pelle \u00e8 vulnerabile. Quando la sua funzione di barriera \u00e8 compromessa, \u00e8 pi\u00f9 facile che insorgano malattie della pelle. Possiamo distinguere 4 tipi di pericoli.<\/p>\n<p><strong> Pericoli meccanici<\/strong><\/p>\n<ul>\n<li>Abrasione, lesioni, umidit\u00e0 (l\u2019acqua secca la pelle)<\/li>\n<\/ul>\n<p><strong>Pericoli fisici<\/strong><\/p>\n<ul>\n<li>Freddo, caldo, raggi UV<\/li>\n<\/ul>\n<p><strong>Pericoli chimici<\/strong><\/p>\n<ul>\n<li>Acidi, liscive, solventi (idrosolubili e liposolubili)<\/li>\n<\/ul>\n<p><strong>Pericoli biologici<\/strong><\/p>\n<ul>\n<li>Batteri, virus, funghi, allergeni vegetali e animali<\/li>\n<\/ul>\n<\/div>\n<\/div>\n<h3>Quali sono i quadri clinici pi\u00f9 frequenti?<\/h3>\n<ul>\n<li>\n<h3>Eczemi irritativi e dermatiti da contatto irritative<\/h3>\n<div>Sono causati dal contatto con acidi e liscive diluiti, lubrorefrigeranti e solventi ma anche dall&#8217;esposizione a una forte umidit\u00e0. I sintomi provocati da questi danneggiamenti sono arrossamento della pelle, gonfiore e desquamazione associati a senso di bruciore e\/o prurito.<\/div>\n<\/li>\n<li>\n<h3>Eczemi allergici da contatto<\/h3>\n<div>Sulla pelle arrossata e gonfia si formano piccoli noduli e vescicole. Il prurito pu\u00f2 essere molto forte.\n<\/div>\n<\/li>\n<li>\n<h3>Ipersensibilit\u00e0 alle proteine<\/h3>\n<div>Allergia alle proteine contenute nella farina, nel pesce, nella carne, nei peli di animali, in componenti vegetali e in prodotti batterici. Poco dopo il contatto con la pelle si manifestano eruzioni cutanee tipo orticaria nella zona interessata.<br \/>\nQueste eruzioni cutanee, intense seppur di durata piuttosto breve, possono occasionalmente essere causate anche da sostanze chimiche o medicamenti.<\/div>\n<\/li>\n<li>\n<h3>Cloracne<\/h3>\n<div>Pu\u00f2 essere causata dal contatto con oli per usi tecnici e produce alterazioni infiammatorie con la formazione di comedoni e infezioni purulente. Pu\u00f2 manifestarsi anche sugli avambracci e sulle cosce.<\/div>\n<\/li>\n<li>\n<h3>Perdita del pigmento della pelle o iperpigmentazione<\/h3>\n<div>A causa degli alchilfenoli si produce una depigmentazione a macchie o su intere aree. L\u2019iperpigmentazione pu\u00f2 essere invece provocata dalla luce e dai catrami.\n<\/div>\n<\/li>\n<\/ul>\n<div>\n<\/div>\n<h2>3. Quali misure e quali DPI sono indicati?<\/h2>\n<div>\n<p>        <img decoding=\"async\" src=\"\/wp-content\/uploads\/toolbox_hautschutz_3.png\" alt=\"\"><\/p>\n<h3>A cosa servono le protezioni per la pelle<\/h3>\n<div>\n<p>Gli strumenti per la protezione della pelle agiscono sull\u2019<strong>epidermide<\/strong> e hanno i seguenti compiti:<\/p>\n<ul>\n<li>supportare i meccanismi naturali di protezione della pelle<\/li>\n<li>ostacolare la penetrazione nella pelle delle sostanze con cui si lavora<\/li>\n<li>compattare la pelle grazie ai tannini<\/li>\n<li>impedire che lo sporco aderisca alla pelle<\/li>\n<li>agevolare la pulizia delle mani<\/li>\n<li>assorbire o riflettere i raggi UV<\/li>\n<\/ul>\n<p>I preparati per la pelle non sono mai universalmente efficaci ma proteggono soltanto da alcuni singoli pericoli.<\/p>\n<\/div>\n<\/div>\n<h3>\n<div class=\"page\" title=\"Page 14\">\n<div class=\"section\">\n<div class=\"layoutArea\">\n<div class=\"column\">\n<p><span>Lo schema in 3 parti per la protezione della pelle<\/span><\/p>\n<\/div>\n<\/div>\n<\/div>\n<\/div>\n<\/h3>\n<h4>\n<div class=\"page\" title=\"Page 14\">\n<div class=\"section\">\n<div class=\"layoutArea\">\n<div class=\"column\">\n<div class=\"page\" title=\"Page 14\">\n<div class=\"section\">\n<div class=\"layoutArea\">\n<div class=\"column\">\n<p><span>Una protezione efficace della pelle si compone di tre elementi <\/span><\/p>\n<\/div>\n<\/div>\n<\/div>\n<\/div>\n<\/div>\n<\/div>\n<\/div>\n<\/div>\n<\/h4>\n<ul>\n<li>\n<h3>1. Protezione della pelle<\/h3>\n<div>\n<p>(da effettuare: prima e durante il lavoro) L\u2019applicazione del prodotto per la protezione della pelle deve essere ripetuta prima di ogni contatto con sostanze dannose. Per una protezione ideale il prodotto deve essere indicato per il rispettivo compito lavorativo o per la rispettiva sostanza dannosa.<\/p>\n<p><strong>Le creme per la pelle idrorepellenti<\/strong> proteggono da acqua, soluzioni acquose, acidi, lascive, tensioattivi ed emulsionanti.<\/p>\n<p><strong>Le creme per la pelle oleorepellenti<\/strong> proteggono da oli, grassi, solventi, trementine, sporco secco, fuliggine, catrami.<\/p>\n<p><strong>Le creme per la pelle universali <\/strong> sono indicate per chi lavora con sostanze sia idrosolubili che non idrosolubili.<\/p>\n<\/div>\n<\/li>\n<li>\n<h3>2. Pulizia della pelle<\/h3>\n<div>\n<p>(da effettuare: durante e dopo il lavoro) La pulizia della pelle deve essere adattata al grado di sporcizia e alle sostanze impiegate durante il lavoro. Vanno tenuti presenti i seguenti slogan.<\/p>\n<p><strong>Pi\u00f9 delicatamente possibile<\/strong> <br \/>(non usare diluenti, solventi per uso tecnico, spazzole metalliche e simili)\n<\/p>\n<p><strong>Forte quanto serve <\/strong> <br \/>(in modo da eliminare la sostanza con cui si \u00e8 lavorato in modo sicuro)\n<\/p>\n<p><strong>In base al tipo di sporco<\/strong> <br \/>(utilizzare diversi tipi di detergenti)\n<\/p>\n<p>Non deve essere compromessa la capacit\u00e0 di rigenerazione della pelle.\n<\/p>\n<\/div>\n<\/li>\n<li>\n<h3>3. Cura della pelle<\/h3>\n<div>\n<p>(da effettuare: dopo il lavoro)<br \/>\nLa cura della pelle ha due scopi principali.\n<\/p>\n<p><strong>Ripristinare l\u2019equilibrio naturale<\/strong><br \/>Ogni qualvolta si sollecita e si pulisce la pelle, si compromette un po\u2019 l\u2019equilibrio fra i suoi componenti umidi e quelli grassi.\u00a0<\/p>\n<p><strong>Ridurre i tempi di rigenerazione<\/strong> <br \/>Con la cura della pelle si possono ridurre sensibilmente i tempi di rigenerazione, il che risulta particolarmente importante in caso di contatti persistenti.<\/p>\n<\/div>\n<\/li>\n<\/ul>\n<div>\n<p>        <img decoding=\"async\" src=\"\/wp-content\/uploads\/0000001.png\" alt=\"\"><\/p>\n<h3>Quali sono i principi fondamentali della protezione della pelle?<\/h3>\n<div>\n<ul>\n<li><strong>Protezione<\/strong><br \/>Il contatto fra la pelle e le sostanze dannose deve essere evitato o perlomeno ridotto.\n<\/li>\n<li><strong>Pulizia<\/strong><br \/> Pulire la pelle sporca quanto pi\u00f9 delicatamente possibile.<\/li>\n<li><strong>Cura<\/strong><br \/> Restituire le sostanze nutritive alla pelle logorata e favorire nella maniera appropriata la guarigione della pelle gi\u00e0 danneggiata.<\/li>\n<\/ul>\n<\/div>\n<\/div>\n<div>\n<h3>Protezione solare &#8211; Protezione della pelle contro i raggi UV<\/h3>\n<div>\n<p>I raggi solari UVA, UVB ed infrarossi costituiscono la principale causa di danneggiamenti alla pelle dovuti alla luce, fra i quali vi sono ad esempio le scottature e gli arrossamenti, la formazione di bolle, l\u2019invecchiamento accelerato della pelle e l\u2019insorgenza di melanomi.<\/p>\n<p>Una protezione solare efficace deve essere scelta in base al fototipo e deve essere fotostabile con un filtro a banda larga adatto a garantire una protezione affidabile. La presenza di ingredienti curativi serve inoltre a curare la pelle sul lungo periodo.<\/p>\n<\/div>\n<\/div>\n<div>\n<p>In base al fototipo il tempo di autoprotezione pu\u00f2 variare fra i tre minuti per le pelli molto chiare (fototipo I) e i quaranta minuti per le pelli mediterranee moderatamente scure (fototipo IV).<\/p>\n<\/div>\n<table>\n<thead>\n<tr>\n<th>Fototipo<\/th>\n<th>Tempo di autoprotezione<\/th>\n<\/tr>\n<\/thead>\n<tbody>\n<tr>\n<td>I. molto chiaro\t<\/td>\n<td>\n<p>3 &#8211; 5 minuti<\/p>\n<\/td>\n<\/tr>\n<tr>\n<td>II. chiaro<\/td>\n<td>\n<p>10 &#8211; 20 minuti<\/p>\n<\/td>\n<\/tr>\n<tr>\n<td>III. dorato<\/td>\n<td>\n<p>20 &#8211; 30 minuti<\/p>\n<\/td>\n<\/tr>\n<tr>\n<td>IV. scuro\/olivastro<\/td>\n<td>\n<p>30 &#8211; 40 minuti<\/p>\n<\/td>\n<\/tr>\n<\/tbody>\n<\/table>\n<div>Il fattore di protezione solare SPF (dall\u2019inglese: sun protection factor) serve per valutare gli effetti sulle persone dei preparati che proteggono dalla luce solare. Tale numero indica quante volte pi\u00f9 a lungo una persona pu\u00f2 restare esposta al sole senza subire scottature utilizzando il prodotto di protezione solare rispetto al suo tempo individuale di autoprotezione.<\/div>\n<table>\n<thead>\n<tr>\n<th>SPF<\/th>\n<th>Significato<\/th>\n<\/tr>\n<\/thead>\n<tbody>\n<tr>\n<td>6, 10<\/td>\n<td>basso<\/td>\n<\/tr>\n<tr>\n<td>15, 20, 25<\/td>\n<td>medio<\/td>\n<\/tr>\n<tr>\n<td>30, 50<\/td>\n<td>alto<\/td>\n<\/tr>\n<tr>\n<td>50+<\/td>\n<td>molto alto<\/td>\n<\/tr>\n<\/tbody>\n<\/table>\n<div>\n<p>        <img decoding=\"async\" src=\"\/wp-content\/uploads\/00000011.png\" alt=\"\"><\/p>\n<h3>Le creme protettive possono essere usate al posto dei guanti?<\/h3>\n<div>\n<p>Le creme protettive non possono essere usate al posto dei guanti. Tuttavia danno buoni risultati in tutti i lavori che comportano un grado di sporcizia da leggero a medio, in caso di esposizione all\u2019umidit\u00e0 e di esposizione non protetta ai raggi ultravioletti.<\/p>\n<p>Un utilizzo mirato ne aumenta l\u2019efficacia.<\/p>\n<\/div>\n<\/div>\n<div>\n<p>        <img decoding=\"async\" src=\"\/wp-content\/uploads\/000000111.png\" alt=\"\"><\/p>\n<h3>Qual \u00e8 il rapporto costi\/benefici per la protezione della pelle?<\/h3>\n<div>\n<p>Proteggere la pelle costa poco e per un\u2019azienda la spesa per una protezione efficace della pelle dei propri dipendenti \u00e8 piuttosto bassa. Al contrario, i costi si innalzano molto in caso di assenza dal lavoro dei dipendenti. Una malattia della pelle comporta spesso per la persona colpita una lunga e ricorrente impossibilit\u00e0 di lavorare. Le malattie della pelle spesso perdurano a lungo e si rivelano costose, tanto che un singolo caso pu\u00f2 facilmente rivelarsi pi\u00f9 oneroso rispetto ad una costante protezione della pelle di tutti i dipendenti. A ci\u00f2 vanno inoltre aggiunti i costi non coperti causati dai tempi di inattivit\u00e0 e dalle perdite di produttivit\u00e0, nonch\u00e9 i costi di sostituzione.<\/p>\n<\/div>\n<\/div>\n<div>\n<\/div>\n<h2>4. Ulteriori indicazioni su applicazioni ed usi<\/h2>\n<div>\n<h3>Dove posso trovare maggiori informazioni?<\/h3>\n<div>\n<div class=\"page\" title=\"Page 23\">\n<div class=\"section\">\n<div class=\"layoutArea\">\n<div class=\"column\">\n<div class=\"page\" title=\"Page 24\">\n<div class=\"section\">\n<div class=\"layoutArea\">\n<div class=\"column\">\n<div class=\"page\" title=\"Page 41\">\n<div class=\"section\">\n<div class=\"layoutArea\">\n<div class=\"column\">\n<ul>\n<li><a href=\"https:\/\/www.suva.ch\/it-ch\/prevenzione\/per-pericoli\/situazioni-radiazioni-e-materiali-pericolosi\/protezione-della-pelle-sul-posto-di-lavoro?lang=it-CH\" target=\"_blank\" rel=\"noopener\"><span>Suva: Protezione della pelle<\/span><\/a><\/li>\n<\/ul>\n<ul>\n<li><a href=\"https:\/\/www.suva.ch\/it-ch\/prevenzione\/regole-vitali-e-disposizioni\/sicurezza-ottimale-con-i-dispositivi-di-protezione-individuale?lang=it-CH\" target=\"_blank\" rel=\"noopener\"><span>Suva: Dispositivi di protezione individuale (DPI)<\/span><\/a><\/li>\n<li><a href=\"https:\/\/www.suva.ch\/it-ch\/download\/liste-di-controllo\/lista-di-controllo--dispositivi-di-protezione-individuale--dpi\/lista-di-controllo--dispositivi-di-protezione-individuale--dpi--67091.I?lang=it-CH\" target=\"_blank\" rel=\"noopener\">Suva: Lista di controlle DPI<\/a><\/li>\n<li><a href=\"https:\/\/www.suva.ch\/it-ch\/prevenzione\/regole-vitali-e-disposizioni\/sicurezza-ottimale-con-i-dispositivi-di-protezione-individuale\/riferimenti-di-legge-dpi?lang=it-CH\" target=\"_blank\" rel=\"noopener\">Suva: Riferimenti di legge per i DPI<\/a><\/li>\n<li><a href=\"https:\/\/www.suva.ch\/it-ch\/prevenzione\/per-settori\/mettere-in-sicurezza-i-cantieri\/ordinanza-sui-lavori-di-costruzione-attuale-olcostr-2022?lang=it-CH\" target=\"_blank\" rel=\"noopener\">Suva : Nuova Ordinanza sui lavori di costruzione (OLCostr) 2022<\/a><\/li>\n<li><a href=\"https:\/\/www.suva.ch\/it-ch\/prevenzione\/per-pericoli\/situazioni-radiazioni-e-materiali-pericolosi\/stoccaggio-sicuro-e-vie-di-circolazione-interne-aziendali?lang=it-CH\" target=\"_blank\" rel=\"noopener\"><span>Suva: Stoccaggio e vie di circolazione interne aziendali<\/span><\/a><\/li>\n<li><a href=\"https:\/\/www.suva.ch\/it-ch\/prevenzione\/per-settori\/mettere-in-sicurezza-i-cantieri?lang=it-CH\" target=\"_blank\" rel=\"noopener\"><span>Suva: Il cantiere sicuro si realizza solo con il lavoro di squadra<\/span><\/a><\/li>\n<li><a href=\"https:\/\/www.suva.ch\/it-ch\/prevenzione\/per-settori\/sistemi-di-sicurezza-trasporti-strada-ferrovia-funivie-sciovie-spazio-aereo?lang=it-CH\" target=\"_blank\" rel=\"noopener\"><span>Suva: Trasporti sicuri<\/span><\/a><\/li>\n<li><a href=\"https:\/\/www.suva.ch\/it-ch\/prevenzione\/per-settori\/sicurezza-sul-lavoro-in-artigianato-e-industria\/lavorazione-dei-metalli\/misure-di-protezione-nellindustria-di-lavorazione-dei-metalli?lang=it-CH\" target=\"_blank\" rel=\"noopener\"><span>Suva: Misure di protezione efficaci nella lavorazione dei metalli<\/span><\/a><\/li>\n<li><a href=\"https:\/\/www.suva.ch\/it-ch\/prevenzione\/per-settori\/sicurezza-sul-lavoro-in-artigianato-e-industria\/sicurezza-nella-lavorazione-del-legno?lang=it-CH\" target=\"_blank\" rel=\"noopener\"><span>Suva: Lavorazione del legno<\/span><\/a><\/li>\n<li><a href=\"https:\/\/www.suva.ch\/it-ch\/prevenzione\/per-settori\/evitare-infortuni-durante-le-attivita-forestali?lang=it-CH\" target=\"_blank\" rel=\"noopener\"><span>Suva: Sicurezza nelle attivit\u00e0 forestali<\/span><\/a><\/li>\n<\/ul>\n<ul>\n<li><a href=\"https:\/\/www.ekas.admin.ch\/it\/centro-di-informazioni\/pubblicazioni-della-cfsl?searchTerm=Comunicazioni+CFSL&#038;page=1\" target=\"_blank\" rel=\"noopener\">CFSL Comunicazioni<\/a><\/li>\n<\/ul>\n<\/div>\n<\/div>\n<p>\n    <a href=\"#top\">Zum Seitenanfang von Hautschutz<\/a>\n<\/p>\n<p>\n    <a href=\"\/kategorien\/\">Zur\u00fcck zu &#8220;Kategorien&#8221;<\/a>\n<\/p>\n<p><!--more--><br \/>\n<!-- {\"type\":\"layout\",\"children\":[{\"type\":\"section\",\"props\":{\"id\":\"menu-abschnitte\",\"image_position\":\"center-center\",\"padding\":\"small\",\"style\":\"default\",\"title_breakpoint\":\"xl\",\"title_position\":\"top-left\",\"title_rotation\":\"left\",\"vertical_align\":\"\",\"width\":\"default\"},\"children\":[{\"type\":\"row\",\"props\":{\"column_gap\":\"small\",\"layout\":\"1-5,1-5,1-5,1-5,1-5|1-2,1-2,1-3,1-3,1-3\"},\"children\":[{\"type\":\"column\",\"props\":{\"image_position\":\"center-center\",\"position_sticky_breakpoint\":\"m\",\"width_medium\":\"1-5\",\"width_small\":\"1-2\"},\"children\":[{\"type\":\"button\",\"props\":{\"grid_column_gap\":\"small\",\"grid_row_gap\":\"small\",\"margin\":\"default\",\"text_align\":\"center\"},\"children\":[{\"type\":\"button_item\",\"props\":{\"button_style\":\"primary\",\"content\":\"1. Rischi\",\"icon_align\":\"left\",\"link\":\"#risiken-und-gefaehrdungen\"}}]}]},{\"type\":\"column\",\"props\":{\"image_position\":\"center-center\",\"position_sticky_breakpoint\":\"m\",\"width_medium\":\"1-5\",\"width_small\":\"1-2\"},\"children\":[{\"type\":\"button\",\"props\":{\"grid_column_gap\":\"small\",\"grid_row_gap\":\"small\",\"margin\":\"default\",\"text_align\":\"center\"},\"children\":[{\"type\":\"button_item\",\"props\":{\"button_style\":\"primary\",\"content\":\"2. Misure\",\"icon_align\":\"left\",\"link\":\"#massnahmen\"}}]}]},{\"type\":\"column\",\"props\":{\"image_position\":\"center-center\",\"position_sticky_breakpoint\":\"m\",\"width_medium\":\"1-5\",\"width_small\":\"1-3\"},\"children\":[{\"type\":\"button\",\"props\":{\"grid_column_gap\":\"small\",\"grid_row_gap\":\"small\",\"margin\":\"default\",\"text_align\":\"center\"},\"children\":[{\"type\":\"button_item\",\"props\":{\"button_style\":\"primary\",\"content\":\"3. DPI adatti\",\"icon_align\":\"left\",\"link\":\"#geeignete-psa\"}}]}]},{\"type\":\"column\",\"props\":{\"image_position\":\"center-center\",\"position_sticky_breakpoint\":\"m\",\"width_medium\":\"1-5\",\"width_small\":\"1-3\"},\"children\":[{\"type\":\"button\",\"props\":{\"grid_column_gap\":\"small\",\"grid_row_gap\":\"small\",\"margin\":\"default\",\"text_align\":\"center\"},\"children\":[{\"type\":\"button_item\",\"props\":{\"button_style\":\"primary\",\"content\":\"4. Indicazioni\",\"icon_align\":\"left\",\"link\":\"#weitere-hinweise\"}}]}]},{\"type\":\"column\",\"props\":{\"image_position\":\"center-center\",\"position_sticky_breakpoint\":\"m\",\"width_medium\":\"1-5\",\"width_small\":\"1-3\"},\"children\":[{\"type\":\"button\",\"props\":{\"grid_column_gap\":\"small\",\"grid_row_gap\":\"small\",\"margin\":\"default\",\"text_align\":\"center\"},\"children\":[{\"type\":\"button_item\",\"props\":{\"button_style\":\"danger\",\"content\":\"\\\"Categorie\\u201d\",\"icon_align\":\"left\",\"link\":\"it\\\/e-toolbox\\\/categorie\\\/\"}}]}]}]}],\"name\":\"Menu-Desktop\"},{\"type\":\"section\",\"props\":{\"id\":\"menu-abschnitte-mobile\",\"image_position\":\"center-center\",\"padding\":\"small\",\"style\":\"default\",\"title_breakpoint\":\"xl\",\"title_position\":\"top-left\",\"title_rotation\":\"left\",\"vertical_align\":\"\",\"width\":\"default\"},\"children\":[{\"type\":\"row\",\"children\":[{\"type\":\"column\",\"props\":{\"image_position\":\"center-center\",\"position_sticky_breakpoint\":\"m\"},\"children\":[{\"type\":\"button\",\"props\":{\"button_size\":\"small\",\"fullwidth\":false,\"grid_column_gap\":\"small\",\"grid_row_gap\":\"small\",\"margin\":\"small\",\"text_align\":\"center\"},\"children\":[{\"type\":\"button_item\",\"props\":{\"button_style\":\"primary\",\"content\":\"1. Risiken\",\"icon_align\":\"left\",\"link\":\"#risiken-und-gefaehrdungen\"}},{\"type\":\"button_item\",\"props\":{\"button_style\":\"primary\",\"content\":\"2. Massnahmen\",\"icon_align\":\"left\",\"link\":\"#massnahmen\"}},{\"type\":\"button_item\",\"props\":{\"button_style\":\"primary\",\"content\":\"3. geeignete PSA\",\"icon_align\":\"left\",\"link\":\"#geeignete-psa\"}},{\"type\":\"button_item\",\"props\":{\"button_style\":\"primary\",\"content\":\"4. Hinweise\\\/Videos\",\"icon_align\":\"left\",\"link\":\"#weitere-hinweise\"}},{\"type\":\"button_item\",\"props\":{\"button_style\":\"default\",\"content\":\"Kategorien\",\"icon_align\":\"left\",\"link\":\"e-toolbox\\\/kategorien\\\/\"}}]}]}]}],\"name\":\"Menu-Mobile\"},{\"type\":\"section\",\"props\":{\"image_position\":\"center-center\",\"style\":\"primary\",\"title_breakpoint\":\"xl\",\"title_position\":\"top-left\",\"title_rotation\":\"left\",\"vertical_align\":\"\",\"width\":\"expand\"},\"children\":[{\"type\":\"row\",\"children\":[{\"type\":\"column\",\"props\":{\"image_position\":\"center-center\",\"position_sticky_breakpoint\":\"m\"},\"children\":[{\"type\":\"panel\",\"props\":{\"content\":\"\n\n<p>La pelle \\u00e8 l\\u2019organo pi\\u00f9 grande del corpo umano. Essendo un tessuto vivente, si rinnova di continuo e in questo modo la sua superficie pu\\u00f2 svolgere la sua funzione di barriera protettiva.<\\\/p>\\n\n\n<p>Viste le sollecitazioni a cui \\u00e8 sottoposta nella nostra vita quotidiana e lavorativa, \\u00e8 quindi importante mantenere la nostra pelle in buona salute.<\\\/p>\",\"content_column_breakpoint\":\"m\",\"content_style\":\"text-lead\",\"icon_width\":80,\"image\":\"wp-content\\\/uploads\\\/toolbox_hautschutz_titel.png\",\"image_align\":\"right\",\"image_grid_breakpoint\":\"m\",\"image_grid_width\":\"1-2\",\"image_svg_color\":\"emphasis\",\"image_vertical_align\":false,\"link_style\":\"default\",\"link_target\":true,\"link_text\":\"Bezugsadressen\",\"margin\":\"default\",\"meta_align\":\"below-title\",\"meta_element\":\"div\",\"meta_style\":\"text-meta\",\"title\":\"La pelle, un tessuto vivente\",\"title_align\":\"top\",\"title_element\":\"h2\",\"title_grid_breakpoint\":\"m\",\"title_grid_width\":\"1-2\",\"title_hover_style\":\"reset\"}}]}]}]},{\"type\":\"section\",\"props\":{\"id\":\"risiken-und-gefaehrdungen\",\"image_position\":\"center-center\",\"style\":\"default\",\"title_breakpoint\":\"xl\",\"title_position\":\"top-left\",\"title_rotation\":\"left\",\"vertical_align\":\"\",\"width\":\"large\"},\"children\":[{\"type\":\"row\",\"children\":[{\"type\":\"column\",\"props\":{\"image_position\":\"center-center\",\"position_sticky_breakpoint\":\"m\"},\"children\":[{\"type\":\"html\",\"props\":{\"content\":\" \"}},{\"type\":\"headline\",\"props\":{\"content\":\"1. Possibili rischi e pericoli\",\"title_decoration\":\"bullet\",\"title_element\":\"h2\"}},{\"type\":\"panel\",\"props\":{\"content\":\"\n\n<ul>\\n\n\n<li>Perch\\u00e9 quasi un quinto di tutte le malattie professionali registrate riguardano danni alla pelle.<\\\/li>\\n\n\n<li>Perch\\u00e9 le assenze dal lavoro, le terapie e la riqualificazione professionale comportano altissimi costi per l\\u2019economia.<\\\/li>\\n\n\n<li>Perch\\u00e9 la trasformazione della pelle da sana a malata avviene gradualmente e nella maggior parte dei casi si interviene troppo tardi.<\\\/li>\\n\n\n<li>Perch\\u00e9 la qualit\\u00e0 della vita delle persone colpite viene fortemente compromessa.<\\\/li>\\n\n\n<li>Perch\\u00e9 con la prevenzione si possono evitare molti danni e molti dolori.<\\\/li>\\n<\\\/ul>\",\"content_column_breakpoint\":\"m\",\"icon_width\":80,\"image\":\"wp-content\\\/uploads\\\/toolbox_hautschutz_1.png\",\"image_align\":\"right\",\"image_grid_breakpoint\":\"m\",\"image_grid_width\":\"1-3\",\"image_svg_color\":\"emphasis\",\"link_style\":\"default\",\"link_text\":\"Read more\",\"margin\":\"default\",\"meta_align\":\"below-title\",\"meta_element\":\"div\",\"meta_style\":\"text-meta\",\"title\":\"Perch\\u00e9 la PROTEZIONE DELLA PELLE  \\u00e8 un tema cos\\u00ec importante?\",\"title_align\":\"top\",\"title_element\":\"h3\",\"title_grid_breakpoint\":\"m\",\"title_grid_width\":\"1-2\",\"title_hover_style\":\"reset\"}}]}],\"props\":{\"margin\":\"small\",\"match\":false}}]},{\"type\":\"section\",\"props\":{\"id\":\"risiken-und-gefaehrdungen\",\"image_position\":\"center-center\",\"style\":\"default\",\"title_breakpoint\":\"xl\",\"title_position\":\"top-left\",\"title_rotation\":\"left\",\"vertical_align\":\"\",\"width\":\"large\"},\"children\":[{\"type\":\"row\",\"children\":[{\"type\":\"column\",\"props\":{\"image_position\":\"center-center\",\"position_sticky_breakpoint\":\"m\"},\"children\":[{\"type\":\"panel\",\"props\":{\"content\":\"\n\n<ul>\\n\n\n<li>Nell\\u2019edilizia (muratori e piastrellisti)<\\\/li>\\n\n\n<li>Nell\\u2019industria siderurgica (tornitura, fresatura, zincatura)<\\\/li>\\n\n\n<li>Nell\\u2019industria chimica<\\\/li>\\n\n\n<li>Nella lavorazione delle carni<\\\/li>\\n\n\n<li>Nella produzione di materiali cementizi<\\\/li>\\n\n\n<li>Nelle attivit\\u00e0 di acconciatura<\\\/li>\\n\n\n<li>Nel settore alberghiero<\\\/li>\\n\n\n<li>Nelle attivit\\u00e0 assistenziali<\\\/li>\\n\n\n<li>In agricoltura<\\\/li>\\n\n\n<li>Nel settore delle pulizie<\\\/li>\\n\n\n<li>Ovunque si lavori in intenso contatto con materiali adesivi<\\\/li>\\n<\\\/ul>\",\"content_column\":\"1-2\",\"content_column_breakpoint\":\"m\",\"icon_width\":80,\"image\":\"\",\"image_align\":\"right\",\"image_grid_breakpoint\":\"m\",\"image_grid_width\":\"1-3\",\"image_svg_color\":\"emphasis\",\"link_style\":\"default\",\"link_text\":\"Read more\",\"margin\":\"default\",\"meta_align\":\"below-title\",\"meta_element\":\"div\",\"meta_style\":\"text-meta\",\"panel_padding\":\"small\",\"panel_style\":\"card-default\",\"title\":\"In quali settori si deve tenere in considerazione un elevato rischio quando si eseguono determinati lavori?\",\"title_align\":\"top\",\"title_element\":\"h3\",\"title_grid_breakpoint\":\"m\",\"title_grid_width\":\"1-2\",\"title_hover_style\":\"reset\"}}]}],\"props\":{\"margin\":\"small\",\"match\":false}}]},{\"type\":\"section\",\"props\":{\"image_position\":\"center-center\",\"style\":\"default\",\"title_breakpoint\":\"xl\",\"title_position\":\"top-left\",\"title_rotation\":\"left\",\"vertical_align\":\"\",\"width\":\"large\"},\"children\":[{\"type\":\"row\",\"children\":[{\"type\":\"column\",\"props\":{\"image_position\":\"center-center\",\"position_sticky_breakpoint\":\"m\"},\"children\":[{\"type\":\"panel\",\"props\":{\"content\":\"\n\n<p>L\\u2019eczema irritativo da contatto (eczema tossico-irritativo) rientra fra le pi\\u00f9 diffuse malattie professionali.<\\\/p>\\n\n\n<p>\\u00c8 causato dal contatto con acidi, liscive, solventi e altre sostanze irritanti per la pelle. \\u00c8 diffuso anche l\\u2019eczema da allergia da contatto, provocato dal contatto con sostanze sensibilizzanti.<\\\/p>\",\"content_column_breakpoint\":\"m\",\"icon_width\":80,\"image\":\"wp-content\\\/uploads\\\/Bildschirmfoto-2024-01-16-um-17.00.13.png\",\"image_align\":\"right\",\"image_grid_breakpoint\":\"m\",\"image_grid_width\":\"1-3\",\"image_svg_color\":\"emphasis\",\"link_style\":\"default\",\"link_text\":\"Read more\",\"margin\":\"default\",\"meta_align\":\"below-title\",\"meta_element\":\"div\",\"meta_style\":\"text-meta\",\"title\":\"Quali sono le pi\\u00f9 diffuse malattie della pelle?\",\"title_align\":\"top\",\"title_element\":\"h3\",\"title_grid_breakpoint\":\"m\",\"title_grid_width\":\"1-2\",\"title_hover_style\":\"reset\"}}]}]},{\"type\":\"row\",\"children\":[{\"type\":\"column\",\"props\":{\"image_position\":\"center-center\",\"position_sticky_breakpoint\":\"m\"},\"children\":[{\"type\":\"headline\",\"props\":{\"content\":\"La pelle \\u00e8 un organo complesso\",\"title_element\":\"h3\"}},{\"type\":\"text\",\"props\":{\"column_breakpoint\":\"m\",\"content\":\"\n\n<ul>\\n\n\n<li>La pelle costituisce circa il 10 % del peso corporeo.<\\\/li>\\n\n\n<li>La pelle ha una superficie complessiva di circa 2 m2.<\\\/li>\\n\n\n<li>Su tutto il corpo sono distribuite circa 2 milioni di ghiandole sudoripare.<\\\/li>\\n\n\n<li>La resistenza alla lacerazione della pelle arriva fino a 90 kg\\\/cm.<\\\/li>\\n\n\n<li>I follicoli piliferi da cui nascono i peli sono circa 5 milioni. Nella zona della testa sono circa 1 milione.<\\\/li>\\n\n\n<li>Su ogni cm2 di pelle vi sono in media:<\\\/li>\\n<\\\/ul>\",\"margin\":\"default\"}}]}]},{\"type\":\"row\",\"props\":{\"width\":\"default\"},\"children\":[{\"type\":\"column\",\"props\":{\"image_position\":\"center-center\",\"position_sticky_breakpoint\":\"m\"},\"children\":[{\"type\":\"text\",\"props\":{\"column\":\"1-3\",\"column_breakpoint\":\"m\",\"column_divider\":false,\"content\":\"\n\n<p>&gt; 6 000 000 di cellule <br \\\/>&gt; 5 000 recettori sensoriali <br \\\/>&gt; 400 fibre nervose<br \\\/>&gt; 200 recettori del dolore <br \\\/>&gt; 1 m di vasi sanguigni <br \\\/>&gt; 100 ghiandole sudoripare<br \\\/>&gt; 25 recettori tattili <br \\\/>&gt; 15 ghiandole sebacee <br \\\/>&gt; 12 recettori del freddo e 2 del caldo<\\\/p>\",\"margin\":\"default\",\"margin_remove_top\":false}}]}]},{\"type\":\"row\",\"children\":[{\"type\":\"column\",\"props\":{\"image_position\":\"center-center\",\"position_sticky_breakpoint\":\"m\"},\"children\":[{\"type\":\"panel\",\"props\":{\"content\":\"\n\n<p>La pelle \\u00e8 suddivisa in tre strati principali:<br \\\/><br \\\/>L\\u2019<strong>epidermide <\\\/strong> (strato superficiale)<br \\\/>Il <strong>derma <\\\/strong> (strato intermedio)<br \\\/>L\\u2019<strong>ipoderma<\\\/strong> (strato sottocutaneo)<br \\\/><br \\\/>I preparati per la protezione della pelle agiscono sull\\u2019epidermide!<\\\/p>\",\"content_column_breakpoint\":\"m\",\"icon_width\":80,\"image\":\"wp-content\\\/uploads\\\/Grafik_01_Hautschutz_ITA.jpg\",\"image_align\":\"right\",\"image_grid_breakpoint\":\"m\",\"image_grid_width\":\"3-5\",\"image_svg_color\":\"emphasis\",\"link_style\":\"default\",\"link_text\":\"Read more\",\"margin\":\"default\",\"meta_align\":\"below-title\",\"meta_element\":\"div\",\"meta_style\":\"text-meta\",\"panel_padding\":\"small\",\"panel_style\":\"card-default\",\"title\":\"La struttura della pelle\",\"title_align\":\"top\",\"title_element\":\"h3\",\"title_grid_breakpoint\":\"m\",\"title_grid_width\":\"1-2\",\"title_hover_style\":\"reset\"}}]}]},{\"type\":\"row\",\"children\":[{\"type\":\"column\",\"props\":{\"image_position\":\"center-center\",\"position_sticky_breakpoint\":\"m\"},\"children\":[{\"type\":\"headline\",\"props\":{\"content\":\"La funzione della pelle\",\"title_element\":\"h3\"}},{\"type\":\"text\",\"props\":{\"column_breakpoint\":\"m\",\"content\":\"\n\n<p>La nostra pelle svolge costantemente varie funzioni:<\\\/p>\\n\n\n<ul>\\n\n\n<li>come uno <strong>scudo protettivo<\\\/strong> reagisce agli influssi chimici respingendo sostanze estranee e agenti patogeni<\\\/li>\\n\n\n<li>come un <strong>rel\\u00e8<\\\/strong> reagisce agli stimoli del dolore, del prurito e della temperatura<\\\/li>\\n\n\n<li>come un <strong>isolante<\\\/strong> protegge dal vento e dalle intemperie<\\\/li>\\n\n\n<li>come un <strong>sensore fotoelettrico<\\\/strong> prova a impedire che i raggi UV producano danni nei tessuti pi\\u00f9 profondi<\\\/li>\\n\n\n<li>come una <strong>zona di assorbimento<\\\/strong> compensa la pressione e gli urti<\\\/li>\\n\n\n<li>come un <strong>silo<\\\/strong> conserva grassi, carboidrati e sali<\\\/li>\\n\n\n<li>come uno <strong>strumento escretore<\\\/strong> secerne sudore, sebo e anidride carbonica<\\\/li>\\n\n\n<li>come un <strong>organo metabolico<\\\/strong> ha una funzione depuratrice<\\\/li>\\n<\\\/ul>\\n\n\n<p>Solo una pelle sana pu\\u00f2 eseguire tutti questi compiti!<\\\/p>\",\"margin\":\"default\"}}]}]}]},{\"type\":\"section\",\"props\":{\"id\":\"fragen-firmenspezifisch\",\"image_position\":\"center-center\",\"style\":\"primary\",\"title_breakpoint\":\"xl\",\"title_position\":\"top-left\",\"title_rotation\":\"left\",\"vertical_align\":\"\",\"width\":\"large\"},\"children\":[{\"type\":\"row\",\"children\":[{\"type\":\"column\",\"props\":{\"image_position\":\"center-center\",\"position_sticky_breakpoint\":\"m\"},\"children\":[{\"type\":\"headline\",\"props\":{\"content\":\"Domande\",\"title_element\":\"h2\"}},{\"type\":\"list\",\"props\":{\"column_breakpoint\":\"m\",\"content_style\":\"h5\",\"icon\":\"check\",\"image_align\":\"left\",\"image_svg_color\":\"emphasis\",\"image_vertical_align\":true,\"list_element\":\"ul\",\"list_horizontal_separator\":\", \",\"list_size\":\"large\",\"list_style\":\"divider\",\"list_type\":\"vertical\",\"show_image\":true,\"show_link\":true},\"children\":[{\"type\":\"list_item\",\"props\":{\"content\":\"In quali lavori all\\u2019interno della nostra azienda ci sono pericoli per la nostra pelle?\",\"icon\":\"check\"}},{\"type\":\"list_item\",\"props\":{\"content\":\"All\\u2019interno della nostra azienda viene posta la necessaria attenzione alla protezione della pelle?\"}},{\"type\":\"list_item\",\"props\":{\"content\":\"I nostri dipendenti sono informati riguardo al corretto utilizzo dei prodotti per la protezione della pelle?\"}},{\"type\":\"list_item\",\"props\":{\"content\":\"I nostri dipendenti conoscono il senso e lo scopo di un\\u2019efficace protezione della pelle?\"}},{\"type\":\"list_item\",\"props\":{\"content\":\"I nostri dipendenti conoscono le possibili cause di problemi e malattie della pelle associati alle loro attivit\\u00e0 professionali?\"}},{\"type\":\"list_item\",\"props\":{\"content\":\"\\u00c8 garantita la disponibilit\\u00e0 di prodotti per la protezione della pelle adeguati nei relativi luoghi di lavoro e di lavaggio?\"}},{\"type\":\"list_item\",\"props\":{\"content\":\"Chi \\u00e8 responsabile all\\u2019interno della nostra azienda per la corretta attuazione dei principi per la protezione della pelle (protezione della pelle, pulizia della pelle, cura della pelle)?\"}},{\"type\":\"list_item\",\"props\":{\"content\":\"All\\u2019interno della nostra azienda gli episodi di irritazione e problemi della pelle vengono registrati e ne vengono determinate le cause?\"}}]}]}]}]},{\"type\":\"section\",\"props\":{\"id\":\"massnahmen\",\"image_position\":\"center-center\",\"style\":\"default\",\"title_breakpoint\":\"xl\",\"title_position\":\"top-left\",\"title_rotation\":\"left\",\"vertical_align\":\"\",\"width\":\"large\"},\"children\":[{\"type\":\"row\",\"children\":[{\"type\":\"column\",\"props\":{\"image_position\":\"center-center\",\"position_sticky_breakpoint\":\"m\"},\"children\":[{\"type\":\"html\",\"props\":{\"content\":\" \"}},{\"type\":\"headline\",\"props\":{\"content\":\"2. Quali misure vanno verificate?\",\"title_decoration\":\"bullet\",\"title_element\":\"h2\"}},{\"type\":\"panel\",\"props\":{\"content\":\"\n\n<p>La normale vita quotidiana e gli effetti delle attivit\\u00e0 lavorative compromettono la naturale funzione di barriera, in particolare sulle mani.<\\\/p>\\n\n\n<p>Quando tali effetti risultano particolarmente gravi, la pelle non riesce pi\\u00f9 a rigenerarsi e diventa permeabile come un setaccio, permettendo alle sostanze dannose di penetrare nella pelle e causare un\\u2019irritazione: la pelle si arrossa, si secca e talvolta si screpola.<\\\/p>\",\"content_column_breakpoint\":\"m\",\"icon_width\":80,\"image\":\"wp-content\\\/uploads\\\/Grafik_02_Hautschutz_ITA.jpg\",\"image_align\":\"right\",\"image_grid_breakpoint\":\"m\",\"image_grid_width\":\"3-5\",\"image_svg_color\":\"emphasis\",\"link_style\":\"default\",\"link_text\":\"Read more\",\"margin\":\"default\",\"meta_align\":\"below-title\",\"meta_element\":\"div\",\"meta_style\":\"text-meta\",\"title\":\"Gli agenti esterni irritano la pelle\",\"title_align\":\"top\",\"title_element\":\"h3\",\"title_grid_breakpoint\":\"m\",\"title_grid_width\":\"1-2\",\"title_hover_style\":\"reset\"}}]}]}]},{\"type\":\"section\",\"props\":{\"id\":\"risiken-und-gefaehrdungen\",\"image_position\":\"center-center\",\"style\":\"default\",\"title_breakpoint\":\"xl\",\"title_position\":\"top-left\",\"title_rotation\":\"left\",\"vertical_align\":\"\",\"width\":\"large\"},\"children\":[{\"type\":\"row\",\"children\":[{\"type\":\"column\",\"props\":{\"image_position\":\"center-center\",\"position_sticky_breakpoint\":\"m\"},\"children\":[{\"type\":\"panel\",\"props\":{\"content\":\"\n\n<ul>\\n\n\n<li>Acidi<\\\/li>\\n\n\n<li>Liscive<\\\/li>\\n\n\n<li>Oli minerali<\\\/li>\\n\n\n<li>Lubrorefrigeranti sintetici<\\\/li>\\n\n\n<li>Cemento fresco, non indurito<\\\/li>\\n\n\n<li>Componenti plastici reattivi (incluse colle bicomponenti e istantanee)<\\\/li>\\n\n\n<li>Additivi per gomma<\\\/li>\\n\n\n<li>Catrami<\\\/li>\\n\n\n<li>Composti metallici<\\\/li>\\n\n\n<li>Solventi<\\\/li>\\n\n\n<li>Saponi e altri detergenti<\\\/li>\\n\n\n<li>Alchilfenoli (causano alterazioni della pigmentazione)<\\\/li>\\n<\\\/ul>\",\"content_column\":\"1-2\",\"content_column_breakpoint\":\"m\",\"icon_width\":80,\"image\":\"\",\"image_align\":\"right\",\"image_grid_breakpoint\":\"m\",\"image_grid_width\":\"1-3\",\"image_svg_color\":\"emphasis\",\"link_style\":\"default\",\"link_text\":\"Read more\",\"margin\":\"default\",\"meta_align\":\"below-title\",\"meta_element\":\"div\",\"meta_style\":\"text-meta\",\"panel_padding\":\"small\",\"panel_style\":\"card-default\",\"title\":\"Quali sostanze possono risultare dannose per la pelle?\",\"title_align\":\"top\",\"title_element\":\"h3\",\"title_grid_breakpoint\":\"m\",\"title_grid_width\":\"1-2\",\"title_hover_style\":\"reset\"}}]}],\"props\":{\"margin\":\"small\",\"match\":false}}]},{\"type\":\"section\",\"props\":{\"image_position\":\"center-center\",\"style\":\"default\",\"title_breakpoint\":\"xl\",\"title_position\":\"top-left\",\"title_rotation\":\"left\",\"vertical_align\":\"\",\"width\":\"large\"},\"children\":[{\"type\":\"row\",\"children\":[{\"type\":\"column\",\"props\":{\"image_position\":\"center-center\",\"position_sticky_breakpoint\":\"m\"},\"children\":[{\"type\":\"panel\",\"props\":{\"content\":\"\n\n<p>La pelle \\u00e8 vulnerabile. Quando la sua funzione di barriera \\u00e8 compromessa, \\u00e8 pi\\u00f9 facile che insorgano malattie della pelle. Possiamo distinguere 4 tipi di pericoli.<\\\/p>\\n\n\n<p><strong> Pericoli meccanici<\\\/strong><\\\/p>\\n\n\n<ul>\\n\n\n<li>Abrasione, lesioni, umidit\\u00e0 (l\\u2019acqua secca la pelle)<\\\/li>\\n<\\\/ul>\\n\n\n<p><strong>Pericoli fisici<\\\/strong><\\\/p>\\n\n\n<ul>\\n\n\n<li>Freddo, caldo, raggi UV<\\\/li>\\n<\\\/ul>\\n\n\n<p><strong>Pericoli chimici<\\\/strong><\\\/p>\\n\n\n<ul>\\n\n\n<li>Acidi, liscive, solventi (idrosolubili e liposolubili)<\\\/li>\\n<\\\/ul>\\n\n\n<p><strong>Pericoli biologici<\\\/strong><\\\/p>\\n\n\n<ul>\\n\n\n<li>Batteri, virus, funghi, allergeni vegetali e animali<\\\/li>\\n<\\\/ul>\",\"content_column_breakpoint\":\"m\",\"icon_width\":80,\"image\":\"wp-content\\\/uploads\\\/toolbox_hautschutz_2.png\",\"image_align\":\"right\",\"image_grid_breakpoint\":\"m\",\"image_grid_width\":\"2-5\",\"image_svg_color\":\"emphasis\",\"link_style\":\"default\",\"link_text\":\"Read more\",\"margin\":\"default\",\"meta_align\":\"below-title\",\"meta_element\":\"div\",\"meta_style\":\"text-meta\",\"title\":\"Le irritazioni della pelle favoriscono le allergie\",\"title_align\":\"top\",\"title_element\":\"h3\",\"title_grid_breakpoint\":\"m\",\"title_grid_width\":\"1-2\",\"title_hover_style\":\"reset\"}}]}]}]},{\"type\":\"section\",\"props\":{\"image_position\":\"center-center\",\"style\":\"default\",\"title_breakpoint\":\"xl\",\"title_position\":\"top-left\",\"title_rotation\":\"left\",\"vertical_align\":\"\",\"width\":\"large\"},\"children\":[{\"type\":\"row\",\"children\":[{\"type\":\"column\",\"props\":{\"image_position\":\"center-center\",\"position_sticky_breakpoint\":\"m\"},\"children\":[{\"type\":\"headline\",\"props\":{\"content\":\"Quali sono i quadri clinici pi\\u00f9 frequenti?\",\"margin\":\"medium\",\"margin_remove_top\":false,\"title_element\":\"h3\"}},{\"type\":\"accordion\",\"props\":{\"collapsible\":false,\"content_column_breakpoint\":\"m\",\"image_align\":\"top\",\"image_grid_breakpoint\":\"m\",\"image_grid_width\":\"1-2\",\"image_svg_color\":\"emphasis\",\"link_style\":\"default\",\"link_text\":\"Read more\",\"multiple\":true,\"show_image\":true,\"show_link\":true},\"children\":[{\"type\":\"accordion_item\",\"props\":{\"content\":\"Sono causati dal contatto con acidi e liscive diluiti, lubrorefrigeranti e solventi ma anche dall'esposizione a una forte umidit\\u00e0. I sintomi provocati da questi danneggiamenti sono arrossamento della pelle, gonfiore e desquamazione associati a senso di bruciore e\\\/o prurito.\",\"title\":\"Eczemi irritativi e dermatiti da contatto irritative\"}},{\"type\":\"accordion_item\",\"props\":{\"content\":\"Sulla pelle arrossata e gonfia si formano piccoli noduli e vescicole. Il prurito pu\\u00f2 essere molto forte.\\n\",\"title\":\"Eczemi allergici da contatto\"}},{\"type\":\"accordion_item\",\"props\":{\"content\":\"Allergia alle proteine contenute nella farina, nel pesce, nella carne, nei peli di animali, in componenti vegetali e in prodotti batterici. Poco dopo il contatto con la pelle si manifestano eruzioni cutanee tipo orticaria nella zona interessata.\\nQueste eruzioni cutanee, intense seppur di durata piuttosto breve, possono occasionalmente essere causate anche da sostanze chimiche o medicamenti.\",\"title\":\"Ipersensibilit\\u00e0 alle proteine\"}},{\"type\":\"accordion_item\",\"props\":{\"content\":\"Pu\\u00f2 essere causata dal contatto con oli per usi tecnici e produce alterazioni infiammatorie con la formazione di comedoni e infezioni purulente. Pu\\u00f2 manifestarsi anche sugli avambracci e sulle cosce.\",\"title\":\"Cloracne\"}},{\"type\":\"accordion_item\",\"props\":{\"content\":\"A causa degli alchilfenoli si produce una depigmentazione a macchie o su intere aree. L\\u2019iperpigmentazione pu\\u00f2 essere invece provocata dalla luce e dai catrami.\\n\",\"title\":\"Perdita del pigmento della pelle o iperpigmentazione\"}}]}]}]}]},{\"type\":\"section\",\"props\":{\"id\":\"geeignete-psa\",\"image_position\":\"center-center\",\"style\":\"default\",\"title_breakpoint\":\"xl\",\"title_position\":\"top-left\",\"title_rotation\":\"left\",\"vertical_align\":\"\",\"width\":\"large\"},\"children\":[{\"type\":\"row\",\"children\":[{\"type\":\"column\",\"props\":{\"image_position\":\"center-center\",\"position_sticky_breakpoint\":\"m\"},\"children\":[{\"type\":\"html\",\"props\":{\"content\":\" \"}},{\"type\":\"headline\",\"props\":{\"content\":\"3. Quali misure e quali DPI sono indicati?\",\"title_decoration\":\"bullet\",\"title_element\":\"h2\"}},{\"type\":\"panel\",\"props\":{\"content\":\"\n\n<p>Gli strumenti per la protezione della pelle agiscono sull\\u2019<strong>epidermide<\\\/strong> e hanno i seguenti compiti:<\\\/p>\\n\n\n<ul>\\n\n\n<li>supportare i meccanismi naturali di protezione della pelle<\\\/li>\\n\n\n<li>ostacolare la penetrazione nella pelle delle sostanze con cui si lavora<\\\/li>\\n\n\n<li>compattare la pelle grazie ai tannini<\\\/li>\\n\n\n<li>impedire che lo sporco aderisca alla pelle<\\\/li>\\n\n\n<li>agevolare la pulizia delle mani<\\\/li>\\n\n\n<li>assorbire o riflettere i raggi UV<\\\/li>\\n<\\\/ul>\\n\n\n<p>I preparati per la pelle non sono mai universalmente efficaci ma proteggono soltanto da alcuni singoli pericoli.<\\\/p>\",\"content_column_breakpoint\":\"m\",\"icon_width\":80,\"image\":\"wp-content\\\/uploads\\\/toolbox_hautschutz_3.png\",\"image_align\":\"right\",\"image_grid_breakpoint\":\"m\",\"image_grid_width\":\"1-3\",\"image_svg_color\":\"emphasis\",\"link_style\":\"default\",\"link_text\":\"Read more\",\"margin\":\"default\",\"meta_align\":\"below-title\",\"meta_element\":\"div\",\"meta_style\":\"text-meta\",\"title\":\"A cosa servono le protezioni per la pelle\",\"title_align\":\"top\",\"title_element\":\"h3\",\"title_grid_breakpoint\":\"m\",\"title_grid_width\":\"1-2\",\"title_hover_style\":\"reset\"}},{\"type\":\"headline\",\"props\":{\"content\":\"\n\n<div class=\\\"page\\\" title=\\\"Page 14\\\">\\n\n\n<div class=\\\"section\\\">\\n\n\n<div class=\\\"layoutArea\\\">\\n\n\n<div class=\\\"column\\\">\\n\n\n<p><span>Lo schema in 3 parti per la protezione della pelle<\\\/span><\\\/p>\\n<\\\/div>\\n<\\\/div>\\n<\\\/div>\\n<\\\/div>\",\"margin\":\"medium\",\"margin_remove_top\":false,\"title_element\":\"h3\"}},{\"type\":\"headline\",\"props\":{\"content\":\"\n\n<div class=\\\"page\\\" title=\\\"Page 14\\\">\\n\n\n<div class=\\\"section\\\">\\n\n\n<div class=\\\"layoutArea\\\">\\n\n\n<div class=\\\"column\\\">\\n\n\n<div class=\\\"page\\\" title=\\\"Page 14\\\">\\n\n\n<div class=\\\"section\\\">\\n\n\n<div class=\\\"layoutArea\\\">\\n\n\n<div class=\\\"column\\\">\\n\n\n<p><span>Una protezione efficace della pelle si compone di tre elementi <\\\/span><\\\/p>\\n<\\\/div>\\n<\\\/div>\\n<\\\/div>\\n<\\\/div>\\n<\\\/div>\\n<\\\/div>\\n<\\\/div>\\n<\\\/div>\",\"margin\":\"medium\",\"margin_remove_top\":false,\"title_element\":\"h4\"}},{\"type\":\"grid\",\"props\":{\"content_column_breakpoint\":\"m\",\"filter_align\":\"left\",\"filter_all\":true,\"filter_grid_breakpoint\":\"m\",\"filter_grid_width\":\"auto\",\"filter_position\":\"top\",\"filter_style\":\"tab\",\"grid_default\":\"1\",\"grid_medium\":\"3\",\"icon_width\":80,\"image_align\":\"top\",\"image_grid_breakpoint\":\"m\",\"image_grid_width\":\"1-2\",\"image_svg_color\":\"emphasis\",\"item_animation\":true,\"link_style\":\"default\",\"link_text\":\"Read more\",\"margin\":\"default\",\"meta_align\":\"below-title\",\"meta_element\":\"div\",\"meta_style\":\"text-meta\",\"panel_padding\":\"small\",\"panel_style\":\"card-primary\",\"show_content\":true,\"show_image\":true,\"show_link\":true,\"show_meta\":true,\"show_title\":true,\"title_align\":\"top\",\"title_element\":\"h3\",\"title_grid_breakpoint\":\"m\",\"title_grid_width\":\"1-2\",\"title_hover_style\":\"reset\"},\"children\":[{\"type\":\"grid_item\",\"props\":{\"content\":\"\n\n<p>(da effettuare: prima e durante il lavoro) L\\u2019applicazione del prodotto per la protezione della pelle deve essere ripetuta prima di ogni contatto con sostanze dannose. Per una protezione ideale il prodotto deve essere indicato per il rispettivo compito lavorativo o per la rispettiva sostanza dannosa.<\\\/p>\\n\n\n<p><strong>Le creme per la pelle idrorepellenti<\\\/strong> proteggono da acqua, soluzioni acquose, acidi, lascive, tensioattivi ed emulsionanti.<\\\/p>\\n\n\n<p><strong>Le creme per la pelle oleorepellenti<\\\/strong> proteggono da oli, grassi, solventi, trementine, sporco secco, fuliggine, catrami.<\\\/p>\\n\n\n<p><strong>Le creme per la pelle universali <\\\/strong> sono indicate per chi lavora con sostanze sia idrosolubili che non idrosolubili.<\\\/p>\",\"title\":\"1. Protezione della pelle\"}},{\"type\":\"grid_item\",\"props\":{\"content\":\"\n\n<p>(da effettuare: durante e dopo il lavoro) La pulizia della pelle deve essere adattata al grado di sporcizia e alle sostanze impiegate durante il lavoro. Vanno tenuti presenti i seguenti slogan.<\\\/p>\\n\n\n<p><strong>Pi\\u00f9 delicatamente possibile<\\\/strong> <br \\\/>(non usare diluenti, solventi per uso tecnico, spazzole metalliche e simili)\\n<\\\/p>\\n\n\n<p><strong>Forte quanto serve <\\\/strong> <br \\\/>(in modo da eliminare la sostanza con cui si \\u00e8 lavorato in modo sicuro)\\n<\\\/p>\\n\n\n<p><strong>In base al tipo di sporco<\\\/strong> <br \\\/>(utilizzare diversi tipi di detergenti)\\n<\\\/p>\\n\n\n<p>Non deve essere compromessa la capacit\\u00e0 di rigenerazione della pelle.\\n<\\\/p>\",\"title\":\"2. Pulizia della pelle\"}},{\"type\":\"grid_item\",\"props\":{\"content\":\"\n\n<p>(da effettuare: dopo il lavoro) \\nLa cura della pelle ha due scopi principali.\\n<\\\/p>\\n\n\n<p><strong>Ripristinare l\\u2019equilibrio naturale<\\\/strong><br \\\/>Ogni qualvolta si sollecita e si pulisce la pelle, si compromette un po\\u2019 l\\u2019equilibrio fra i suoi componenti umidi e quelli grassi.\\u00a0<\\\/p>\\n\n\n<p><strong>Ridurre i tempi di rigenerazione<\\\/strong> <br \\\/>Con la cura della pelle si possono ridurre sensibilmente i tempi di rigenerazione, il che risulta particolarmente importante in caso di contatti persistenti.<\\\/p>\",\"title\":\"3. Cura della pelle\"}}]}]}]}]},{\"type\":\"section\",\"props\":{\"image_position\":\"center-center\",\"style\":\"default\",\"title_breakpoint\":\"xl\",\"title_position\":\"top-left\",\"title_rotation\":\"left\",\"vertical_align\":\"\",\"width\":\"large\"},\"children\":[{\"type\":\"row\",\"children\":[{\"type\":\"column\",\"props\":{\"image_position\":\"center-center\",\"position_sticky_breakpoint\":\"m\"},\"children\":[{\"type\":\"panel\",\"props\":{\"content\":\"\\n\n\n<ul>\\n\n\n<li><strong>Protezione<\\\/strong><br \/>Il contatto fra la pelle e le sostanze dannose deve essere evitato o perlomeno ridotto.\\n<\\\/li>\\n\n\n<li><strong>Pulizia<\\\/strong><br \/> Pulire la pelle sporca quanto pi\\u00f9 delicatamente possibile.<\\\/li>\\n    \n\n<li><strong>Cura<\\\/strong><br \/> Restituire le sostanze nutritive alla pelle logorata e favorire nella maniera appropriata la guarigione della pelle gi\\u00e0 danneggiata.<\\\/li>\\n<\\\/ul>\\n\",\"content_column_breakpoint\":\"m\",\"icon_width\":80,\"image\":\"wp-content\\\/uploads\\\/0000001.png\",\"image_align\":\"right\",\"image_grid_breakpoint\":\"m\",\"image_grid_width\":\"2-5\",\"image_svg_color\":\"emphasis\",\"link_style\":\"default\",\"link_text\":\"Read more\",\"margin\":\"default\",\"meta_align\":\"below-title\",\"meta_element\":\"div\",\"meta_style\":\"text-meta\",\"title\":\"Quali sono i principi fondamentali della protezione della pelle?\",\"title_align\":\"top\",\"title_element\":\"h3\",\"title_grid_breakpoint\":\"m\",\"title_grid_width\":\"1-2\",\"title_hover_style\":\"reset\"}}]}]}]},{\"type\":\"section\",\"props\":{\"image_position\":\"center-center\",\"style\":\"default\",\"title_breakpoint\":\"xl\",\"title_position\":\"top-left\",\"title_rotation\":\"left\",\"vertical_align\":\"\",\"width\":\"default\"},\"children\":[{\"type\":\"row\",\"children\":[{\"type\":\"column\",\"props\":{\"image_position\":\"center-center\",\"position_sticky_breakpoint\":\"m\"},\"children\":[{\"type\":\"panel\",\"props\":{\"content\":\"\n\n<p>I raggi solari UVA, UVB ed infrarossi costituiscono la principale causa di danneggiamenti alla pelle dovuti alla luce, fra i quali vi sono ad esempio le scottature e gli arrossamenti, la formazione di bolle, l\\u2019invecchiamento accelerato della pelle e l\\u2019insorgenza di melanomi.<\\\/p>\\n\n\n<p>Una protezione solare efficace deve essere scelta in base al fototipo e deve essere fotostabile con un filtro a banda larga adatto a garantire una protezione affidabile. La presenza di ingredienti curativi serve inoltre a curare la pelle sul lungo periodo.<\\\/p>\",\"content_column_breakpoint\":\"m\",\"icon_width\":80,\"image\":\"\",\"image_align\":\"right\",\"image_grid_breakpoint\":\"m\",\"image_grid_width\":\"1-3\",\"image_svg_color\":\"emphasis\",\"link_style\":\"default\",\"link_text\":\"Read more\",\"margin\":\"default\",\"meta_align\":\"below-title\",\"meta_element\":\"div\",\"meta_style\":\"text-meta\",\"panel_padding\":\"small\",\"panel_style\":\"card-default\",\"title\":\"Protezione solare - Protezione della pelle contro i raggi UV\",\"title_align\":\"top\",\"title_element\":\"h3\",\"title_grid_breakpoint\":\"m\",\"title_grid_width\":\"1-2\",\"title_hover_style\":\"reset\"}}]}]},{\"type\":\"row\",\"props\":{\"layout\":\"1-2,1-2\"},\"children\":[{\"type\":\"column\",\"props\":{\"image_position\":\"center-center\",\"position_sticky_breakpoint\":\"m\",\"style\":\"card-default\",\"width_medium\":\"1-2\"},\"children\":[{\"type\":\"text\",\"props\":{\"column_breakpoint\":\"m\",\"content\":\"\n\n<p>In base al fototipo il tempo di autoprotezione pu\\u00f2 variare fra i tre minuti per le pelli molto chiare (fototipo I) e i quaranta minuti per le pelli mediterranee moderatamente scure (fototipo IV).<\\\/p>\",\"margin\":\"default\"}},{\"type\":\"table\",\"props\":{\"image_svg_color\":\"emphasis\",\"link_style\":\"default\",\"link_text\":\"Read more\",\"meta_style\":\"text-meta\",\"show_content\":true,\"show_image\":false,\"show_link\":false,\"show_meta\":false,\"show_title\":true,\"table_head_content\":\"Tempo di autoprotezione\",\"table_head_title\":\"Fototipo\",\"table_hover\":true,\"table_justify\":true,\"table_order\":\"1\",\"table_responsive\":\"overflow\",\"table_size\":\"small\",\"table_width_content\":\"medium\",\"table_width_meta\":\"shrink\",\"table_width_title\":\"medium\"},\"children\":[{\"type\":\"table_item\",\"props\":{\"content\":\"\n\n<p>3 - 5 minuti<\\\/p>\",\"title\":\"I. molto chiaro\\t\"}},{\"type\":\"table_item\",\"props\":{\"content\":\"\n\n<p>10 - 20 minuti<\\\/p>\",\"title\":\"II. chiaro\"}},{\"type\":\"table_item\",\"props\":{\"content\":\"\n\n<p>20 - 30 minuti<\\\/p>\",\"title\":\"III. dorato\"}},{\"type\":\"table_item\",\"props\":{\"content\":\"\n\n<p>30 - 40 minuti<\\\/p>\",\"title\":\"IV. scuro\\\/olivastro\"}}]}]},{\"type\":\"column\",\"props\":{\"image_position\":\"center-center\",\"position_sticky_breakpoint\":\"m\",\"style\":\"card-default\",\"width_medium\":\"1-2\"},\"children\":[{\"type\":\"text\",\"props\":{\"column_breakpoint\":\"m\",\"content\":\"Il fattore di protezione solare SPF (dall\\u2019inglese: sun protection factor) serve per valutare gli effetti sulle persone dei preparati che proteggono dalla luce solare. Tale numero indica quante volte pi\\u00f9 a lungo una persona pu\\u00f2 restare esposta al sole senza subire scottature utilizzando il prodotto di protezione solare rispetto al suo tempo individuale di autoprotezione.\",\"margin\":\"default\"}},{\"type\":\"table\",\"props\":{\"image_svg_color\":\"emphasis\",\"link_style\":\"default\",\"link_text\":\"Read more\",\"meta_style\":\"text-meta\",\"show_content\":true,\"show_image\":false,\"show_link\":false,\"show_meta\":false,\"show_title\":true,\"table_head_content\":\"Significato\",\"table_head_title\":\"SPF\",\"table_hover\":true,\"table_justify\":true,\"table_order\":\"1\",\"table_responsive\":\"overflow\",\"table_size\":\"small\",\"table_width_content\":\"medium\",\"table_width_meta\":\"shrink\",\"table_width_title\":\"medium\"},\"children\":[{\"type\":\"table_item\",\"props\":{\"content\":\"basso\",\"title\":\"6, 10\"}},{\"type\":\"table_item\",\"props\":{\"content\":\"medio\",\"title\":\"15, 20, 25\"}},{\"type\":\"table_item\",\"props\":{\"content\":\"alto\",\"title\":\"30, 50\"}},{\"type\":\"table_item\",\"props\":{\"content\":\"molto alto\",\"title\":\"50+\"}}]}]}]},{\"type\":\"row\",\"children\":[{\"type\":\"column\",\"props\":{\"image_position\":\"center-center\",\"position_sticky_breakpoint\":\"m\"},\"children\":[{\"type\":\"panel\",\"props\":{\"content\":\"\n\n<p>Le creme protettive non possono essere usate al posto dei guanti. Tuttavia danno buoni risultati in tutti i lavori che comportano un grado di sporcizia da leggero a medio, in caso di esposizione all\\u2019umidit\\u00e0 e di esposizione non protetta ai raggi ultravioletti.<\\\/p>\\n\n\n<p>Un utilizzo mirato ne aumenta l\\u2019efficacia.<\\\/p>\",\"content_column_breakpoint\":\"m\",\"icon_width\":80,\"image\":\"wp-content\\\/uploads\\\/00000011.png\",\"image_align\":\"right\",\"image_grid_breakpoint\":\"m\",\"image_grid_width\":\"2-5\",\"image_svg_color\":\"emphasis\",\"link_style\":\"default\",\"link_text\":\"Read more\",\"margin\":\"default\",\"meta_align\":\"below-title\",\"meta_element\":\"div\",\"meta_style\":\"text-meta\",\"title\":\"Le creme protettive possono essere usate al posto dei guanti?\",\"title_align\":\"top\",\"title_element\":\"h3\",\"title_grid_breakpoint\":\"m\",\"title_grid_width\":\"1-2\",\"title_hover_style\":\"reset\"}}]}]},{\"type\":\"row\",\"children\":[{\"type\":\"column\",\"props\":{\"image_position\":\"center-center\",\"position_sticky_breakpoint\":\"m\"},\"children\":[{\"type\":\"panel\",\"props\":{\"content\":\"\n\n<p>Proteggere la pelle costa poco e per un\\u2019azienda la spesa per una protezione efficace della pelle dei propri dipendenti \\u00e8 piuttosto bassa. Al contrario, i costi si innalzano molto in caso di assenza dal lavoro dei dipendenti. Una malattia della pelle comporta spesso per la persona colpita una lunga e ricorrente impossibilit\\u00e0 di lavorare. Le malattie della pelle spesso perdurano a lungo e si rivelano costose, tanto che un singolo caso pu\\u00f2 facilmente rivelarsi pi\\u00f9 oneroso rispetto ad una costante protezione della pelle di tutti i dipendenti. A ci\\u00f2 vanno inoltre aggiunti i costi non coperti causati dai tempi di inattivit\\u00e0 e dalle perdite di produttivit\\u00e0, nonch\\u00e9 i costi di sostituzione.<\\\/p>\",\"content_column_breakpoint\":\"m\",\"icon_width\":80,\"image\":\"wp-content\\\/uploads\\\/000000111.png\",\"image_align\":\"right\",\"image_grid_breakpoint\":\"m\",\"image_grid_width\":\"2-5\",\"image_svg_color\":\"emphasis\",\"link_style\":\"default\",\"link_text\":\"Read more\",\"margin\":\"default\",\"meta_align\":\"below-title\",\"meta_element\":\"div\",\"meta_style\":\"text-meta\",\"title\":\"Qual \\u00e8 il rapporto costi\\\/benefici per la protezione della pelle?\",\"title_align\":\"top\",\"title_element\":\"h3\",\"title_grid_breakpoint\":\"m\",\"title_grid_width\":\"1-2\",\"title_hover_style\":\"reset\"}}]}]}]},{\"type\":\"section\",\"props\":{\"id\":\"weitere-hinweise\",\"image_position\":\"center-center\",\"style\":\"default\",\"title_breakpoint\":\"xl\",\"title_position\":\"top-left\",\"title_rotation\":\"left\",\"vertical_align\":\"\",\"width\":\"large\"},\"children\":[{\"type\":\"row\",\"children\":[{\"type\":\"column\",\"props\":{\"image_position\":\"center-center\",\"position_sticky_breakpoint\":\"m\"},\"children\":[{\"type\":\"html\",\"props\":{\"content\":\" \"}},{\"type\":\"headline\",\"props\":{\"content\":\"4. Ulteriori indicazioni su applicazioni ed usi\",\"title_decoration\":\"bullet\",\"title_element\":\"h2\"}},{\"type\":\"panel\",\"props\":{\"content\":\"\n\n<div class=\\\"page\\\" title=\\\"Page 23\\\">\\n\n\n<div class=\\\"section\\\">\\n\n\n<div class=\\\"layoutArea\\\">\\n\n\n<div class=\\\"column\\\">\\n\n\n<div class=\\\"page\\\" title=\\\"Page 24\\\">\\n\n\n<div class=\\\"section\\\">\\n\n\n<div class=\\\"layoutArea\\\">\\n\n\n<div class=\\\"column\\\">\\n\n\n<div class=\\\"page\\\" title=\\\"Page 41\\\">\\n\n\n<div class=\\\"section\\\">\\n\n\n<div class=\\\"layoutArea\\\">\\n\n\n<div class=\\\"column\\\">\\n\n\n<ul>\\n\n\n<li><a href=\\\"https:\\\/\\\/www.suva.ch\\\/it-ch\\\/prevenzione\\\/per-pericoli\\\/situazioni-radiazioni-e-materiali-pericolosi\\\/protezione-della-pelle-sul-posto-di-lavoro?lang=it-CH\\\" target=\\\"_blank\\\" rel=\\\"noopener\\\"><span>Suva: Protezione della pelle<\\\/span><\\\/a><\\\/li>\\n<\\\/ul>\\n\n\n<ul>\\n\n\n<li><a href=\\\"https:\\\/\\\/www.suva.ch\\\/it-ch\\\/prevenzione\\\/regole-vitali-e-disposizioni\\\/sicurezza-ottimale-con-i-dispositivi-di-protezione-individuale?lang=it-CH\\\" target=\\\"_blank\\\" rel=\\\"noopener\\\"><span>Suva: Dispositivi di protezione individuale (DPI)<\\\/span><\\\/a><\\\/li>\\n\n\n<li><a href=\\\"https:\\\/\\\/www.suva.ch\\\/it-ch\\\/download\\\/liste-di-controllo\\\/lista-di-controllo--dispositivi-di-protezione-individuale--dpi\\\/lista-di-controllo--dispositivi-di-protezione-individuale--dpi--67091.I?lang=it-CH\\\" target=\\\"_blank\\\" rel=\\\"noopener\\\">Suva: Lista di controlle DPI<\\\/a><\\\/li>\\n\n\n<li><a href=\\\"https:\\\/\\\/www.suva.ch\\\/it-ch\\\/prevenzione\\\/regole-vitali-e-disposizioni\\\/sicurezza-ottimale-con-i-dispositivi-di-protezione-individuale\\\/riferimenti-di-legge-dpi?lang=it-CH\\\" target=\\\"_blank\\\" rel=\\\"noopener\\\">Suva: Riferimenti di legge per i DPI<\\\/a><\\\/li>\\n\\n\n\n<li><a href=\\\"https:\\\/\\\/www.suva.ch\\\/it-ch\\\/prevenzione\\\/per-settori\\\/mettere-in-sicurezza-i-cantieri\\\/ordinanza-sui-lavori-di-costruzione-attuale-olcostr-2022?lang=it-CH\\\" target=\\\"_blank\\\" rel=\\\"noopener\\\">Suva : Nuova Ordinanza sui lavori di costruzione (OLCostr) 2022<\\\/a><\\\/li>\\n\n\n<li><a href=\\\"https:\\\/\\\/www.suva.ch\\\/it-ch\\\/prevenzione\\\/per-pericoli\\\/situazioni-radiazioni-e-materiali-pericolosi\\\/stoccaggio-sicuro-e-vie-di-circolazione-interne-aziendali?lang=it-CH\\\" target=\\\"_blank\\\" rel=\\\"noopener\\\"><span>Suva: Stoccaggio e vie di circolazione interne aziendali<\\\/span><\\\/a><\\\/li>\\n\n\n<li><a href=\\\"https:\\\/\\\/www.suva.ch\\\/it-ch\\\/prevenzione\\\/per-settori\\\/mettere-in-sicurezza-i-cantieri?lang=it-CH\\\" target=\\\"_blank\\\" rel=\\\"noopener\\\"><span>Suva: Il cantiere sicuro si realizza solo con il lavoro di squadra<\\\/span><\\\/a><\\\/li>\\n\n\n<li><a href=\\\"https:\\\/\\\/www.suva.ch\\\/it-ch\\\/prevenzione\\\/per-settori\\\/sistemi-di-sicurezza-trasporti-strada-ferrovia-funivie-sciovie-spazio-aereo?lang=it-CH\\\" target=\\\"_blank\\\" rel=\\\"noopener\\\"><span>Suva: Trasporti sicuri<\\\/span><\\\/a><\\\/li>\\n\n\n<li><a href=\\\"https:\\\/\\\/www.suva.ch\\\/it-ch\\\/prevenzione\\\/per-settori\\\/sicurezza-sul-lavoro-in-artigianato-e-industria\\\/lavorazione-dei-metalli\\\/misure-di-protezione-nellindustria-di-lavorazione-dei-metalli?lang=it-CH\\\" target=\\\"_blank\\\" rel=\\\"noopener\\\"><span>Suva: Misure di protezione efficaci nella lavorazione dei metalli<\\\/span><\\\/a><\\\/li>\\n\n\n<li><a href=\\\"https:\\\/\\\/www.suva.ch\\\/it-ch\\\/prevenzione\\\/per-settori\\\/sicurezza-sul-lavoro-in-artigianato-e-industria\\\/sicurezza-nella-lavorazione-del-legno?lang=it-CH\\\" target=\\\"_blank\\\" rel=\\\"noopener\\\"><span>Suva: Lavorazione del legno<\\\/span><\\\/a><\\\/li>\\n\n\n<li><a href=\\\"https:\\\/\\\/www.suva.ch\\\/it-ch\\\/prevenzione\\\/per-settori\\\/evitare-infortuni-durante-le-attivita-forestali?lang=it-CH\\\" target=\\\"_blank\\\" rel=\\\"noopener\\\"><span>Suva: Sicurezza nelle attivit\\u00e0 forestali<\\\/span><\\\/a><\\\/li>\\n<\\\/ul>\\n\n\n<ul>\\n\n\n<li><a href=\\\"https:\\\/\\\/www.ekas.admin.ch\\\/it\\\/centro-di-informazioni\\\/pubblicazioni-della-cfsl?searchTerm=Comunicazioni+CFSL&page=1\\\" target=\\\"_blank\\\" rel=\\\"noopener\\\">CFSL Comunicazioni<\\\/a><\\\/li>\\n<\\\/ul>\",\"content_column_breakpoint\":\"m\",\"icon_width\":80,\"image_align\":\"top\",\"image_grid_breakpoint\":\"m\",\"image_grid_width\":\"1-2\",\"image_svg_color\":\"emphasis\",\"link_style\":\"default\",\"link_text\":\"Read more\",\"margin\":\"default\",\"meta_align\":\"below-title\",\"meta_element\":\"div\",\"meta_style\":\"text-meta\",\"title\":\"Dove posso trovare maggiori informazioni?\",\"title_align\":\"top\",\"title_element\":\"h3\",\"title_grid_breakpoint\":\"m\",\"title_grid_width\":\"1-2\",\"title_hover_style\":\"reset\"}}]}]}]},{\"type\":\"section\",\"props\":{\"image_position\":\"center-center\",\"style\":\"default\",\"title_breakpoint\":\"xl\",\"title_position\":\"top-left\",\"title_rotation\":\"left\",\"vertical_align\":\"\",\"width\":\"expand\"},\"children\":[{\"type\":\"row\",\"children\":[{\"type\":\"column\",\"props\":{\"image_position\":\"center-center\",\"position_sticky_breakpoint\":\"m\",\"width_medium\":\"1-2\"},\"children\":[{\"type\":\"button\",\"props\":{\"grid_column_gap\":\"small\",\"grid_row_gap\":\"small\",\"margin\":\"default\",\"text_align\":\"center\"},\"children\":[{\"type\":\"button_item\",\"props\":{\"button_style\":\"primary\",\"content\":\"Zum Seitenanfang von Hautschutz\",\"icon_align\":\"left\",\"link\":\"#top\"}}]}]},{\"type\":\"column\",\"props\":{\"image_position\":\"center-center\",\"position_sticky_breakpoint\":\"m\",\"width_medium\":\"1-2\"},\"children\":[{\"type\":\"button\",\"props\":{\"grid_column_gap\":\"small\",\"grid_row_gap\":\"small\",\"margin\":\"default\",\"text_align\":\"center\"},\"children\":[{\"type\":\"button_item\",\"props\":{\"button_style\":\"danger\",\"content\":\"Zur\\u00fcck zu \\\"Kategorien\\\"\",\"icon_align\":\"left\",\"link\":\"kategorien\\\/\"}}]}]}],\"props\":{\"layout\":\"1-2,1-2\"}}],\"name\":\"E-Toolbox - Buttons Ende\"}],\"version\":\"4.4.19\"} --><\/p>\n","protected":false},"excerpt":{"rendered":"<p>1. Rischi 2. Misure 3. DPI adatti 4. Indicazioni &#8220;Categorie\u201d 1. Risiken 2. Massnahmen 3. geeignete PSA 4. Hinweise\/Videos Kategorien La pelle, un tessuto vivente La pelle \u00e8 l\u2019organo pi\u00f9 grande del corpo umano. Essendo un tessuto vivente, si rinnova di continuo e in questo modo la sua superficie pu\u00f2 svolgere la sua funzione di [&hellip;]<\/p>\n","protected":false},"author":2,"featured_media":0,"parent":2759,"menu_order":0,"comment_status":"closed","ping_status":"closed","template":"","meta":{"footnotes":""},"class_list":["post-4310","page","type-page","status-publish","hentry"],"_links":{"self":[{"href":"https:\/\/www.swiss-safety.ch\/it\/wp-json\/wp\/v2\/pages\/4310","targetHints":{"allow":["GET"]}}],"collection":[{"href":"https:\/\/www.swiss-safety.ch\/it\/wp-json\/wp\/v2\/pages"}],"about":[{"href":"https:\/\/www.swiss-safety.ch\/it\/wp-json\/wp\/v2\/types\/page"}],"author":[{"embeddable":true,"href":"https:\/\/www.swiss-safety.ch\/it\/wp-json\/wp\/v2\/users\/2"}],"replies":[{"embeddable":true,"href":"https:\/\/www.swiss-safety.ch\/it\/wp-json\/wp\/v2\/comments?post=4310"}],"version-history":[{"count":55,"href":"https:\/\/www.swiss-safety.ch\/it\/wp-json\/wp\/v2\/pages\/4310\/revisions"}],"predecessor-version":[{"id":4925,"href":"https:\/\/www.swiss-safety.ch\/it\/wp-json\/wp\/v2\/pages\/4310\/revisions\/4925"}],"up":[{"embeddable":true,"href":"https:\/\/www.swiss-safety.ch\/it\/wp-json\/wp\/v2\/pages\/2759"}],"wp:attachment":[{"href":"https:\/\/www.swiss-safety.ch\/it\/wp-json\/wp\/v2\/media?parent=4310"}],"curies":[{"name":"wp","href":"https:\/\/api.w.org\/{rel}","templated":true}]}}