{"id":2659,"date":"2021-06-07T16:36:21","date_gmt":"2021-06-07T14:36:21","guid":{"rendered":"https:\/\/www.swiss-safety.ch\/e-toolbox\/gehoerschutz\/"},"modified":"2025-01-24T08:59:37","modified_gmt":"2025-01-24T07:59:37","slug":"auditive","status":"publish","type":"page","link":"https:\/\/www.swiss-safety.ch\/fr\/e-toolbox\/auditive\/","title":{"rendered":"Protection auditive"},"content":{"rendered":"<p>\n    <a href=\"#risiken-und-gefaehrdungen\">1. Risques<\/a>\n<\/p>\n<p>\n    <a href=\"#massnahmen\">2. Mesures<\/a>\n<\/p>\n<p>\n    <a href=\"#geeignete-psa\">3. EPI appropri\u00e9s<\/a>\n<\/p>\n<p>\n    <a href=\"#weitere-hinweise\">4. Renseignements<\/a>\n<\/p>\n<p>\n    <a href=\"\/fr\/e-toolbox\/categories\/\">\u00ab\u00a0Cat\u00e9gories\u00a0\u00bb<\/a>\n<\/p>\n<ul>\n<li>\n        <a href=\"#risiken-und-gefaehrdungen\">1. Risques<\/a>\n    <\/li>\n<li>\n        <a href=\"#massnahmen\">2. Mesures<\/a>\n    <\/li>\n<li>\n        <a href=\"#geeignete-psa\">3. EPI appropri\u00e9s<\/a>\n    <\/li>\n<li>\n        <a href=\"#weitere-hinweise\">4. Renseignements<\/a>\n    <\/li>\n<li>\n        <a href=\"\/fr\/e-toolbox\/categories\/\">Cat\u00e9gories<\/a>\n    <\/li>\n<\/ul>\n<div>\n<p>        <img decoding=\"async\" src=\"\/wp-content\/uploads\/toolbox_gehoerschutz.jpg\" alt=\"\"><\/p>\n<h2>Protection auditive ou &#8230; COMMENT?<\/h2>\n<div>\n<p>Nos oreilles ne nous servent pas seulement \u00e0 \u00e9couter mais aussi \u00e0 garder notre \u00e9quilibre. Nous avons donc besoin d&rsquo;une audition optimale et de prot\u00e9ger notre ou\u00efe.<\/p>\n<p>C&rsquo;est seulement en portant un moyen de protection auditive appropri\u00e9 en cas d&rsquo;exposition au bruit \u2013 aussi courte qu&rsquo;elle soit \u2013 que l&rsquo;ou\u00efe est suffisamment prot\u00e9g\u00e9e.<\/p>\n<p>Nos membres vous offrent la possibilit\u00e9 de prot\u00e9ger vos oreilles dans les situations de bruit concern\u00e9es.<\/p>\n<\/div>\n<\/div>\n<div>\n<\/div>\n<h2>1. Risques et dangers possibles<\/h2>\n<div>\n<div>\n<p>Un risque caus\u00e9 par le bruit existe aussi bien en cas de niveaux sonores \u00e9lev\u00e9s, r\u00e9partis sur le temps de travail journalier (LEX, 8h) qu&rsquo;en raison d&rsquo;\u00e9v\u00e9nements sonores isol\u00e9s extr\u00eamement forts (LPC, peak). Sans une protection auditive suffisante, une perte d&rsquo;audition permanente peut intervenir. L&rsquo;utilisation de bouchons d&rsquo;oreille engendre un risque d&rsquo;infection du conduit auditif. De plus, il est possible que l&rsquo;audition directionnelle et la pr\u00e9ception des signaux sonores soient restreints.<\/p>\n<p>En plus, le bruit rend malade. Il cause des maux de t\u00eate et provoque du stress et augmente les sources d&rsquo;erreur et le risque d&rsquo;accident. On est davantage fatigu\u00e9 apr\u00e8s le travail et investit beaucoup plus de son temps libre dans la r\u00e9cup\u00e9ration.<\/p>\n<p>Si une protection auditive n&rsquo;est pas port\u00e9e correctement ou n&rsquo;est plus en bon \u00e9tat, cela d\u00e9clenche les m\u00eames probl\u00e8mes que si elle n&rsquo;avait \u00e9t\u00e9 port\u00e9e que de temps en temps.<\/p>\n<\/div>\n<\/div>\n<div>\n<h3>Les d\u00e9cibels et le temps<\/h3>\n<p>sont plus proches l&rsquo;un de l&rsquo;autre que ce que l&rsquo;on pourrait croire<\/p>\n<div>\n<p class=\"p1\">Un niveau sonore jusqu&rsquo;\u00e0 <strong><span class=\"s1\">85 dB(A) <\/span><\/strong>sur 40 h par semaine est autoris\u00e9 sans protection<\/p>\n<p class=\"p1\"><strong><span class=\"s1\">100 dB(A<\/span>)<\/strong> en environ 1 h sans protection auditive \u00e9quivaut \u00e0 85 dB(A) en 40 h.<\/p>\n<p><strong>120 dB(A) <\/strong>en environ 45 sec. sans protection auditive \u00e9quivaut \u00e0 85 dB(A) en 40 h.<\/p>\n<p class=\"p1\">Le nettoyage d&rsquo;un outil \u00e0 l&rsquo;aide du pistolet \u00e0 air comprim\u00e9 peut atteindre jusqu&rsquo;\u00e0 <strong><span class=\"s1\">115 dB(A)<\/span><\/strong>.<\/p>\n<p class=\"p1\">Laisser tomber une palette vide: <span class=\"s1\">jusqu\u2019\u00e0 <\/span><strong>110 dB(A)<\/strong><span class=\"s1\">.<\/span><\/p>\n<p class=\"p1\">Percer un mur en b\u00e9ton: <span class=\"s1\">jusqu\u2019\u00e0 <\/span><strong>120 dB(A)<\/strong><span class=\"s1\">.<\/span><\/p>\n<p class=\"p1\">Passer du temps dans un restaurant o\u00f9 se trouvent beaucoup de personnes: <span class=\"s1\"><strong>90 dB(A)<\/strong> <\/span>et plus.<\/p>\n<\/div>\n<\/div>\n<h2>Questions: Sp\u00e9cifique \u00e0 l&rsquo;entreprise<\/h2>\n<ul>\n<li>\n<div>\n<p class=\"p1\">Quelles sont les situations de bruit que nous rencontrons dans notre entreprise?<\/p>\n<\/div>\n<\/li>\n<li>\n<div>\n<p class=\"p1\">Combien de protection auditive est-elle vraiement port\u00e9e aux postes de travail bruyants?<\/p>\n<\/div>\n<\/li>\n<li>\n<div>\n<p class=\"p1\">Les collaborateurs savent-ils seulement \u00e0 partir de quand le niveau sonore est trop \u00e9lev\u00e9 et dommageable pour l&rsquo;audition ?<\/p>\n<\/div>\n<\/li>\n<li>\n<div>O\u00f9 se trouvent chez nous des postes de travail bruyants qui n\u00e9cessitent une protection auditive?<\/div>\n<\/li>\n<li>\n<div>Connaissez-vous le niveau de bruit pr\u00e9sent sur votre poste de travail?<\/div>\n<\/li>\n<\/ul>\n<div>\n<\/div>\n<h2>2. Quelles mesures faut-il v\u00e9rifier ?<\/h2>\n<div>\n<p>        <img decoding=\"async\" src=\"\/wp-content\/uploads\/toolbox_gehoerschutz_massnahmen.jpg\" alt=\"\"><\/p>\n<h3>Est-il possible de porter la protection auditive mise \u00e0 disposition durant toute la p\u00e9riode bruyante et le facteur de protection n\u00e9cessaire est-il juste?<\/h3>\n<div>\n<p>Porter la protection auditive correcte en pr\u00e9sence de <strong>100 dB(A)<\/strong> sur 8 h r\u00e9duit l&rsquo;exposition au bruit \u00e0 moins de 80 dB(A) est n&rsquo;est donc pas nocif !<\/p>\n<p>Mais si la protection auditive n&rsquo;est pas port\u00e9e pendant un quart de ce laps de temps, l&rsquo;exposition effective au bruit se situe \u00e0 <strong>92 dB(A)<\/strong>. Comme le bruit \u00e0 partir de 85 dB(A) nuit \u00e0 l&rsquo;audition, la protection compl\u00e8te n&rsquo;est plus garantie, malgr\u00e9 le port d&rsquo;une protection auditive durant le reste du temps.<\/p>\n<\/div>\n<\/div>\n<div>\n<\/div>\n<h2>3. Quelles mesures ou bien quels EPI sont appropri\u00e9s ?<\/h2>\n<ul>\n<li>\n<h3>La protection auditive utilis\u00e9e actuellement est-elle encore en bon \u00e9tat?<\/h3>\n<div>\n<p class=\"p1\"><strong>Dur\u00e9e de vie de moyenne d\u2019une protection auditive:<\/strong><\/p>\n<div class=\"uk-overflow-auto\">\n<table class=\"uk-table\">\n<tbody>\n<tr class=\"el-item\">\n<td class=\"uk-text-nowrap uk-table-shrink\">\n<div class=\"el-title uk-text-primary\">\n<p class=\"p1\">Bouchons en mousse<\/p>\n<\/div>\n<\/td>\n<td class=\"uk-text-nowrap uk-table-shrink\">\n<div class=\"el-meta\">\n<p class=\"p1\">protection auditive \u00e0 usage unique<\/p>\n<\/div>\n<\/td>\n<td>\n<div class=\"el-content uk-panel\">\n<p class=\"p1\">\u00e0 remplacer tous les jours<\/p>\n<\/div>\n<\/td>\n<\/tr>\n<tr class=\"el-item\">\n<td class=\"uk-text-nowrap\">\n<div class=\"el-title uk-text-primary\">\n<p class=\"p1\">Protection auditive en forme de sapin<\/p>\n<\/div>\n<\/td>\n<td class=\"uk-text-nowrap\">\n<div class=\"el-meta\">\n<p class=\"p1\">protection auditive r\u00e9utilisable<\/p>\n<\/div>\n<\/td>\n<td>\n<div class=\"el-content uk-panel\">\n<p class=\"p1\">\u00e0 remplacer toutes les 2 \u00e0 4 semaines<\/p>\n<\/div>\n<\/td>\n<\/tr>\n<tr class=\"el-item\">\n<td class=\"uk-text-nowrap\">\n<div class=\"el-title uk-text-primary\">\n<p class=\"p1\">Arceau de protection auditive<\/p>\n<\/div>\n<\/td>\n<td class=\"uk-text-nowrap\">\n<div class=\"el-meta\">\n<p class=\"p1\">protection auditive r\u00e9utilisable<\/p>\n<\/div>\n<\/td>\n<td>\n<div class=\"el-content uk-panel\">\n<p class=\"p1\">remplacer les bouchons toutes les 2 \u00e0 4 semaines<br \/>remplacer l\u2019arceau 2 \u00e0 4 fois par an<\/p>\n<\/div>\n<\/td>\n<\/tr>\n<tr class=\"el-item\">\n<td class=\"uk-text-nowrap\">\n<div class=\"el-title uk-text-primary\">\n<p class=\"p1\">Coquilles de protection auditive<\/p>\n<\/div>\n<\/td>\n<td class=\"uk-text-nowrap\">\n<div class=\"el-meta\">\n<p class=\"p1\">protection auditive r\u00e9utilisable<\/p>\n<\/div>\n<\/td>\n<td>\n<div class=\"el-content uk-panel\">\n<p class=\"p1\">\u00e0 remplacer tous les 1 \u00e0 3 ans<br \/>remplacer l\u2019arceau 2 \u00e0 4 fois par an<\/p>\n<\/div>\n<\/td>\n<\/tr>\n<tr class=\"el-item\">\n<td class=\"uk-text-nowrap\">\n<div class=\"el-title uk-text-primary\">\n<p class=\"p1\">Otoplastique<\/p>\n<\/div>\n<\/td>\n<td class=\"uk-text-nowrap\">\n<div class=\"el-meta\">\n<p class=\"p1\">protection auditive r\u00e9utilisable, de longue dur\u00e9e<\/p>\n<\/div>\n<\/td>\n<td>\n<div class=\"el-content uk-panel\">\n<p class=\"p1\">dur\u00e9e de vie moyenne 5 ans<br \/>contr\u00f4le de fonctionnement la premi\u00e8re ann\u00e9e, ensuite tous les 3 ans<\/p>\n<\/div>\n<\/td>\n<\/tr>\n<\/tbody>\n<\/table>\n<\/div>\n<\/div>\n<\/li>\n<li>\n<h3>Quelle protection auditive choisir?<\/h3>\n<div>\n<p class=\"p1\">La d\u00e9termination de la bonne isolation d&rsquo;une protection auditive peut se calculer comme suit:<\/p>\n<p><strong>80 dB(A)<\/strong> est la valeur de base, donc le point z\u00e9ro pour le calcul. L&rsquo;oreille de chaque personne est diff\u00e9rente et la mani\u00e8re de porter la protection n&rsquo;est pas toujours correcte. De plus, le conduit auditif change au cours de la vie. Lorsque la protection auditive est remplac\u00e9e trop rarement, la fonction de protection diminue.<\/p>\n<p>C&rsquo;est pourquoi une \u00absanction\u00bb est int\u00e9gr\u00e9e dans le calcul qui diff\u00e8re de la cat\u00e9gorie de protection auditive (type de protection auditive).<\/p>\n<p class=\"p1\"><strong>Bouchons en mousse<br \/><\/strong><strong><\/strong>p.ex. 36dB = 80dB + 36dB = 116dB \u2013 9dB de sanction = <strong>107dB de protection<\/strong><\/p>\n<p class=\"p1\"><strong>Protection auditive r\u00e9utilisable<br \/><\/strong>p.ex. 30dB = 80dB + 30dB = 110dB \u2013 6dB de sanction = <strong>104dB de protection<\/strong><\/p>\n<p class=\"p1\"><strong>Protection auditive otoplastique<br \/><\/strong>p.ex. 34 dB=80dB + 34dB = 114dB \u2013 3dB de sanction = <strong>111 dB de protection<\/strong><\/p>\n<\/div>\n<\/li>\n<li>\n<h3>Est-ce que j&rsquo;installe le bouchon de protection auditive correctement dans mon oreille?<\/h3>\n<div>\n<p>Il faut par exemple frotter un bouchon en mousse pendant 30 secondes entre le pouce et l&rsquo;index. D&rsquo;une part, pour le rendre fin pour pouvoir l&rsquo;introduire profond\u00e9ment \u00e0 l&rsquo;int\u00e9rieur du conduit auditif, d&rsquo;autre part, il est important de rendre la mousse bien souple et chaude pour lui permettre ensuite de bien se dilater et de s&rsquo;adapter au conduit auditif.<\/p>\n<p>Il faut passer la main gauche par-dessus la t\u00eate pour saisir et tirer l&rsquo;oreille droite pour que le conduit auditif devienne rectiligne, ce qui permet d&rsquo;introduire le bouchon correctement. Rel\u00e2cher ensuite l&rsquo;oreille et laisser un doigt de la main droite sur le bouchon de protection auditive jusqu&rsquo;\u00e0 ce que celui-ci se soit enti\u00e8rement dilat\u00e9 \u00e0 l&rsquo;int\u00e9rieur du conduit auditif.<\/p>\n<p>La mani\u00e8re correcte d&rsquo;introduire la protection auditive dans le conduit auditif ou de la placer sur les oreilles est d\u00e9crite ou dessin\u00e9e sur chaque emballage d&rsquo;une protection auditive ou dans chaque mode d&#8217;emploi. Prenez note des instructions et informations du fabricant et respectez-les.<\/p>\n<\/div>\n<\/li>\n<\/ul>\n<h2>Questions: Sp\u00e9cifique au produit<\/h2>\n<ul>\n<li>\n<div>\n<p class=\"p1\">Utilisez-vous la bonne protection auditive?<\/p>\n<\/div>\n<\/li>\n<li>\n<div>\n<p class=\"p1\">Connaissez-vous le pouvoir isolant de votre protection auditive?<\/p>\n<\/div>\n<\/li>\n<li>\n<div>\n<p class=\"p1\">Quand avez-vous v\u00e9rifi\u00e9 ou remplac\u00e9 votre protection auditive pour la derni\u00e8re fois?<\/p>\n<\/div>\n<\/li>\n<\/ul>\n<div>\n<\/div>\n<h2>4. Renseignements plus d\u00e9taill\u00e9s en mati\u00e8re d\u2019application et d\u2019utilisation<\/h2>\n<div>\n<h3>O\u00f9 puis-je trouver plus d\u2019informations?<\/h3>\n<div>\n<div class=\"page\" title=\"Page 23\">\n<div class=\"section\">\n<div class=\"layoutArea\">\n<div class=\"column\">\n<div class=\"page\" title=\"Page 24\">\n<div class=\"section\">\n<div class=\"layoutArea\">\n<div class=\"column\">\n<div class=\"page\" title=\"Page 41\">\n<div class=\"section\">\n<div class=\"layoutArea\">\n<div class=\"column\">\n<ul>\n<li><a href=\"https:\/\/www.swiss-safety.ch\/wp-content\/uploads\/norm_gehoerschutz_FR.pdf\" target=\"_blank\" rel=\"noopener\">Normes<\/a> (PDF)<\/li>\n<li><a href=\"https:\/\/www.swiss-safety.ch\/wp-content\/uploads\/checkliste_gehoerschutz_FR.pdf\" target=\"_blank\" rel=\"noopener\">Liste de contr\u00f4le<\/a> (PDF)<\/li>\n<li><a href=\"https:\/\/www.suva.ch\/fr-ch\/prevention\/par-danger\/materiaux-rayonnements-et-situations-a-risque\/bruit-et-vibrations\/protecteurs-douie?lang=fr-CH\" target=\"_blank\" rel=\"noopener\">SUVA: protection de l\u2019ou\u00efe<\/a><\/li>\n<li><a href=\"https:\/\/www.suva.ch\/fr-ch\/prevention\/par-danger\/materiaux-rayonnements-et-situations-a-risque\/bruit-et-vibrations\/bruit-au-poste-de-travail?lang=fr-CH\" target=\"_blank\" rel=\"noopener\">SUVA: Protection contre le bruit au poste de travail<\/a><\/li>\n<li><a href=\"https:\/\/www.suva.ch\/fr-ch\/download\/listes-de-controle\/protecteurs-d-ouie\/protecteurs-d-ouie--67020.F?lang=fr-CH\" target=\"_blank\" rel=\"noopener\">SUVA: Protecteurs d\u2019ou\u00efe<\/a><\/li>\n<li><a href=\"https:\/\/www.suva.ch\/fr-ch\/prevention\/par-danger\/materiaux-rayonnements-et-situations-a-risque\/bruit-et-vibrations\/dossier-vous-disiez?lang=fr-CH\" target=\"_blank\" rel=\"noopener\">SUVA: Dossier d\u2019enseignement \u00abVous disiez?\u00bb<\/a><\/li>\n<li><a href=\"https:\/\/www.suva.ch\/fr-ch\/download\/videos-f\/napo--le-bruit-ca-suffit----une-video-de-sensibilisation\/standard-variante?lang=fr-CH\" target=\"_blank\" rel=\"noopener\">SUVA-Video: Napo: Le bruit \u00e7a suffit!<\/a><\/li>\n<li><a href=\"https:\/\/www.suva.ch\/fr-ch\/download\/document\/depliant--protecteurs-d-ouie-individuels--pensez-a-les-faire-controler\/standard-variante--88287.F?lang=fr-CH\" target=\"_blank\" rel=\"noopener\">SUVA: D\u00e9pliant: Protecteurs d\u2019ou\u00efe individuels<\/a><\/li>\n<\/ul>\n<ul>\n<li><a href=\"https:\/\/www.suva.ch\/fr-ch\/prevention\/regles-vitales-et-dispositions\/bien-protege-avec-un-equipement-de-protection-individuelle?lang=fr-CH\" target=\"_blank\" rel=\"noopener\"><span>Suva: EPI<\/span><\/a><\/li>\n<li><a href=\"https:\/\/www.suva.ch\/fr-ch\/download\/listes-de-controle\/liste-de-controle--equipements-de-protection-individuelle--epi\/liste-de-controle--equipements-de-protection-individuelle--epi--67091.F?lang=fr-CH\" target=\"_blank\" rel=\"noopener\">Suva: Liste de contr\u00f4le EPI<\/a><\/li>\n<li><a href=\"https:\/\/www.suva.ch\/fr-ch\/prevention\/regles-vitales-et-dispositions\/bien-protege-avec-un-equipement-de-protection-individuelle\/personliche-schutzausrustung-psa-rechtliche-grundlagen?lang=fr-CH\" target=\"_blank\" rel=\"noopener\">Suva: Bases l\u00e9gales relatives aux EPI\u00a0<\/a><\/li>\n<li><a href=\"https:\/\/www.suva.ch\/fr-ch\/prevention\/par-branche\/securiser-les-chantiers\/ordonnance-actuelle-sur-les-travaux-de-construction-otconst-2022?lang=fr-CH\" target=\"_blank\" rel=\"noopener\">Suva: Nouvelle ordonnance sur les travaux de construction (OTConst) 2022<\/a><\/li>\n<li><a href=\"https:\/\/www.suva.ch\/fr-ch\/prevention\/par-danger\/materiaux-rayonnements-et-situations-a-risque\/stockage-et-transport-en-entreprise-securises?lang=fr-CH\" target=\"_blank\" rel=\"noopener\"><span>Suva: Stockage et transport en entreprise<\/span><\/a><\/li>\n<li><a href=\"https:\/\/www.suva.ch\/fr-ch\/prevention\/par-branche\/securiser-les-chantiers?lang=fr-CH\" target=\"_blank\" rel=\"noopener\"><span>Suva: La s\u00e9curit\u00e9 sur les chantiers<\/span><\/a><\/li>\n<li><a href=\"https:\/\/www.suva.ch\/fr-ch\/prevention\/par-branche\/systemes-de-securite-transports-route-chemins-de-fer-remontees-mecaniques-teleskis-transport-aerien?lang=fr-CH\" target=\"_blank\" rel=\"noopener\"><span>Suva: Transports s\u00fbrs<\/span><\/a><\/li>\n<li><a href=\"https:\/\/www.suva.ch\/fr-ch\/prevention\/par-branche\/securite-au-travail-dans-l-artisanat-et-l-industrie\/metallurgie\/mesures-de-protection-dans-la-metallurgie?lang=fr-CH\" target=\"_blank\" rel=\"noopener\"><span>Suva: Mesures de protection efficaces dans la m\u00e9tallurgie<\/span><\/a><\/li>\n<li><a href=\"https:\/\/www.suva.ch\/fr-ch\/prevention\/par-branche\/securite-au-travail-dans-l-artisanat-et-l-industrie\/transformation-du-bois-en-toute-securite?lang=fr-CH\" target=\"_blank\" rel=\"noopener\"><span>Suva: Transformation du bois<\/span><\/a><\/li>\n<li><a href=\"https:\/\/www.suva.ch\/fr-ch\/prevention\/par-branche\/eviter-les-accidents-lors-de-travaux-forestiers?lang=fr-CH\" target=\"_blank\" rel=\"noopener\"><span>Suva: S\u00e9curit\u00e9 du travail en for\u00eat<\/span><\/a><\/li>\n<\/ul>\n<ul>\n<li><a href=\"https:\/\/www.ekas.admin.ch\/fr\/centre-dinformations\/publications-de-la-cfst?searchTerm=CFST+COMMUNICATIONS&#038;page=1\" target=\"_blank\" rel=\"noopener\">CFST Communications EPI<\/a><\/li>\n<\/ul>\n<\/div>\n<\/div>\n<hr>\n<p>\n    <a href=\"#top\">Vers le haut de la page<\/a>\n<\/p>\n<p>\n    <a href=\"\/fr\/e-toolbox\/categories\/\">Retour \u00e0 \u00ab Cat\u00e9gories \u00bb<\/a>\n<\/p>\n<p><!--more--><br \/>\n<!-- {\"type\":\"layout\",\"children\":[{\"type\":\"section\",\"props\":{\"id\":\"menu-abschnitte\",\"image_position\":\"center-center\",\"padding\":\"small\",\"style\":\"default\",\"title_breakpoint\":\"xl\",\"title_position\":\"top-left\",\"title_rotation\":\"left\",\"vertical_align\":\"\",\"width\":\"expand\"},\"children\":[{\"type\":\"row\",\"props\":{\"layout\":\"1-5,1-5,1-5,1-5,1-5|1-2,1-2,1-3,1-3,1-3\"},\"children\":[{\"type\":\"column\",\"props\":{\"image_position\":\"center-center\",\"position_sticky_breakpoint\":\"m\",\"width_medium\":\"1-5\",\"width_small\":\"1-2\"},\"children\":[{\"type\":\"button\",\"props\":{\"grid_column_gap\":\"small\",\"grid_row_gap\":\"small\",\"margin\":\"default\",\"text_align\":\"center\"},\"children\":[{\"type\":\"button_item\",\"props\":{\"button_style\":\"primary\",\"content\":\"1. Risques\",\"icon_align\":\"left\",\"link\":\"#risiken-und-gefaehrdungen\"}}]}]},{\"type\":\"column\",\"props\":{\"image_position\":\"center-center\",\"position_sticky_breakpoint\":\"m\",\"width_medium\":\"1-5\",\"width_small\":\"1-2\"},\"children\":[{\"type\":\"button\",\"props\":{\"grid_column_gap\":\"small\",\"grid_row_gap\":\"small\",\"margin\":\"default\",\"text_align\":\"center\"},\"children\":[{\"type\":\"button_item\",\"props\":{\"button_style\":\"primary\",\"content\":\"2. Mesures\",\"icon_align\":\"left\",\"link\":\"#massnahmen\"}}]}]},{\"type\":\"column\",\"props\":{\"image_position\":\"center-center\",\"position_sticky_breakpoint\":\"m\",\"width_medium\":\"1-5\",\"width_small\":\"1-3\"},\"children\":[{\"type\":\"button\",\"props\":{\"grid_column_gap\":\"small\",\"grid_row_gap\":\"small\",\"margin\":\"default\",\"text_align\":\"center\"},\"children\":[{\"type\":\"button_item\",\"props\":{\"button_style\":\"primary\",\"content\":\"3. EPI appropri\\u00e9s\",\"icon_align\":\"left\",\"link\":\"#geeignete-psa\"}}]}]},{\"type\":\"column\",\"props\":{\"image_position\":\"center-center\",\"position_sticky_breakpoint\":\"m\",\"width_medium\":\"1-5\",\"width_small\":\"1-3\"},\"children\":[{\"type\":\"button\",\"props\":{\"grid_column_gap\":\"small\",\"grid_row_gap\":\"small\",\"margin\":\"default\",\"text_align\":\"center\"},\"children\":[{\"type\":\"button_item\",\"props\":{\"button_style\":\"primary\",\"content\":\"4. Renseignements\",\"icon_align\":\"left\",\"link\":\"#weitere-hinweise\"}}]}]},{\"type\":\"column\",\"props\":{\"image_position\":\"center-center\",\"position_sticky_breakpoint\":\"m\",\"width_medium\":\"1-5\",\"width_small\":\"1-3\"},\"children\":[{\"type\":\"button\",\"props\":{\"grid_column_gap\":\"small\",\"grid_row_gap\":\"small\",\"margin\":\"default\",\"text_align\":\"center\"},\"children\":[{\"type\":\"button_item\",\"props\":{\"button_style\":\"danger\",\"content\":\"\\\"Cat\\u00e9gories\\\"\",\"icon_align\":\"left\",\"link\":\"fr\\\/e-toolbox\\\/categories\\\/\"}}]}]}]}],\"name\":\"Menu-Desktop - FR\",\"modified\":\"2021-07-26T13:33:37.470Z\"},{\"type\":\"section\",\"props\":{\"id\":\"menu-abschnitte-mobile\",\"image_position\":\"center-center\",\"padding\":\"small\",\"style\":\"default\",\"title_breakpoint\":\"xl\",\"title_position\":\"top-left\",\"title_rotation\":\"left\",\"vertical_align\":\"\",\"width\":\"default\"},\"children\":[{\"type\":\"row\",\"children\":[{\"type\":\"column\",\"props\":{\"image_position\":\"center-center\",\"position_sticky_breakpoint\":\"m\"},\"children\":[{\"type\":\"button\",\"props\":{\"button_size\":\"small\",\"fullwidth\":false,\"grid_column_gap\":\"small\",\"grid_row_gap\":\"small\",\"margin\":\"small\",\"text_align\":\"center\"},\"children\":[{\"type\":\"button_item\",\"props\":{\"button_style\":\"primary\",\"content\":\"1. Risques\",\"icon_align\":\"left\",\"link\":\"#risiken-und-gefaehrdungen\"}},{\"type\":\"button_item\",\"props\":{\"button_style\":\"primary\",\"content\":\"2. Mesures\",\"icon_align\":\"left\",\"link\":\"#massnahmen\"}},{\"type\":\"button_item\",\"props\":{\"button_style\":\"primary\",\"content\":\"3. EPI appropri\\u00e9s\",\"icon_align\":\"left\",\"link\":\"#geeignete-psa\"}},{\"type\":\"button_item\",\"props\":{\"button_style\":\"primary\",\"content\":\"4. Renseignements\",\"icon_align\":\"left\",\"link\":\"#weitere-hinweise\"}},{\"type\":\"button_item\",\"props\":{\"button_style\":\"default\",\"content\":\"Cat\\u00e9gories\",\"icon_align\":\"left\",\"link\":\"fr\\\/e-toolbox\\\/categories\\\/\"}}]}]}]}],\"name\":\"Menu-Mobile - FR\",\"modified\":\"2021-07-26T13:33:47.597Z\"},{\"type\":\"section\",\"props\":{\"image_position\":\"center-center\",\"style\":\"primary\",\"title_breakpoint\":\"xl\",\"title_position\":\"top-left\",\"title_rotation\":\"left\",\"vertical_align\":\"\",\"width\":\"expand\"},\"children\":[{\"type\":\"row\",\"children\":[{\"type\":\"column\",\"props\":{\"image_position\":\"center-center\",\"position_sticky_breakpoint\":\"m\"},\"children\":[{\"type\":\"panel\",\"props\":{\"content\":\"\n\n<p>Nos oreilles ne nous servent pas seulement \\u00e0 \\u00e9couter mais aussi \\u00e0 garder notre \\u00e9quilibre. Nous avons donc besoin d'une audition optimale et de prot\\u00e9ger notre ou\\u00efe.<\\\/p>\\n\n\n<p>C'est seulement en portant un moyen de protection auditive appropri\\u00e9 en cas d'exposition au bruit \\u2013 aussi courte qu'elle soit \\u2013 que l'ou\\u00efe est suffisamment prot\\u00e9g\\u00e9e.<\\\/p>\\n\n\n<p>Nos membres vous offrent la possibilit\\u00e9 de prot\\u00e9ger vos oreilles dans les situations de bruit concern\\u00e9es.<\\\/p>\",\"content_column_breakpoint\":\"m\",\"content_style\":\"text-lead\",\"icon_width\":80,\"image\":\"wp-content\\\/uploads\\\/toolbox_gehoerschutz.jpg\",\"image_align\":\"right\",\"image_grid_breakpoint\":\"m\",\"image_grid_width\":\"1-2\",\"image_svg_color\":\"emphasis\",\"image_vertical_align\":false,\"link_style\":\"default\",\"link_target\":true,\"link_text\":\"Bezugsadressen\",\"margin\":\"default\",\"meta_align\":\"below-title\",\"meta_element\":\"div\",\"meta_style\":\"text-meta\",\"title\":\"Protection auditive ou ... COMMENT?\",\"title_align\":\"top\",\"title_element\":\"h2\",\"title_grid_breakpoint\":\"m\",\"title_grid_width\":\"1-2\",\"title_hover_style\":\"reset\"}}]}]}]},{\"type\":\"section\",\"props\":{\"id\":\"risiken-und-gefaehrdungen\",\"image_position\":\"center-center\",\"style\":\"default\",\"title_breakpoint\":\"xl\",\"title_position\":\"top-left\",\"title_rotation\":\"left\",\"vertical_align\":\"\",\"width\":\"large\"},\"children\":[{\"type\":\"row\",\"children\":[{\"type\":\"column\",\"props\":{\"image_position\":\"center-center\",\"position_sticky_breakpoint\":\"m\"},\"children\":[{\"type\":\"html\",\"props\":{\"content\":\" \"}},{\"type\":\"headline\",\"props\":{\"content\":\"1. Risques et dangers possibles\",\"title_decoration\":\"bullet\",\"title_element\":\"h2\"}},{\"type\":\"panel\",\"props\":{\"content\":\"\n\n<p>Un risque caus\\u00e9 par le bruit existe aussi bien en cas de niveaux sonores \\u00e9lev\\u00e9s, r\\u00e9partis sur le temps de travail journalier (LEX, 8h) qu'en raison d'\\u00e9v\\u00e9nements sonores isol\\u00e9s extr\\u00eamement forts (LPC, peak). Sans une protection auditive suffisante, une perte d'audition permanente peut intervenir. L'utilisation de bouchons d'oreille engendre un risque d'infection du conduit auditif. De plus, il est possible que l'audition directionnelle et la pr\\u00e9ception des signaux sonores soient restreints.<\\\/p>\\n\n\n<p>En plus, le bruit rend malade. Il cause des maux de t\\u00eate et provoque du stress et augmente les sources d'erreur et le risque d'accident. On est davantage fatigu\\u00e9 apr\\u00e8s le travail et investit beaucoup plus de son temps libre dans la r\\u00e9cup\\u00e9ration.<\\\/p>\\n\n\n<p>Si une protection auditive n'est pas port\\u00e9e correctement ou n'est plus en bon \\u00e9tat, cela d\\u00e9clenche les m\\u00eames probl\\u00e8mes que si elle n'avait \\u00e9t\\u00e9 port\\u00e9e que de temps en temps.<\\\/p>\",\"content_column_breakpoint\":\"m\",\"icon_width\":80,\"image\":\"\",\"image_align\":\"right\",\"image_grid_breakpoint\":\"m\",\"image_grid_width\":\"1-4\",\"image_svg_color\":\"emphasis\",\"link_style\":\"default\",\"link_text\":\"Read more\",\"margin\":\"default\",\"meta_align\":\"below-title\",\"meta_element\":\"div\",\"meta_style\":\"text-meta\",\"title\":\"\",\"title_align\":\"top\",\"title_element\":\"h3\",\"title_grid_breakpoint\":\"m\",\"title_grid_width\":\"1-2\",\"title_hover_style\":\"reset\"}}]}],\"props\":{\"margin\":\"small\",\"match\":false}}]},{\"type\":\"section\",\"props\":{\"image_position\":\"center-center\",\"padding_remove_top\":true,\"style\":\"default\",\"title_breakpoint\":\"xl\",\"title_position\":\"top-left\",\"title_rotation\":\"left\",\"vertical_align\":\"\",\"width\":\"large\"},\"children\":[{\"type\":\"row\",\"children\":[{\"type\":\"column\",\"props\":{\"image_position\":\"center-center\",\"position_sticky_breakpoint\":\"m\"},\"children\":[{\"type\":\"panel\",\"props\":{\"content\":\"\n\n<p class=\\\"p1\\\">Un niveau sonore jusqu'\\u00e0 <strong><span class=\\\"s1\\\">85 dB(A) <\\\/span><\\\/strong>sur 40 h par semaine est autoris\\u00e9 sans protection<\\\/p>\\n\n\n<p class=\\\"p1\\\"><strong><span class=\\\"s1\\\">100 dB(A<\\\/span>)<\\\/strong> en environ 1 h sans protection auditive \\u00e9quivaut \\u00e0 85 dB(A) en 40 h.<\\\/p>\\n\n\n<p><strong>120 dB(A) <\\\/strong>en environ 45 sec. sans protection auditive \\u00e9quivaut \\u00e0 85 dB(A) en 40 h.<\\\/p>\\n\n\n<p class=\\\"p1\\\">Le nettoyage d'un outil \\u00e0 l'aide du pistolet \\u00e0 air comprim\\u00e9 peut atteindre jusqu'\\u00e0 <strong><span class=\\\"s1\\\">115 dB(A)<\\\/span><\\\/strong>.<\\\/p>\\n\n\n<p class=\\\"p1\\\">Laisser tomber une palette vide: <span class=\\\"s1\\\">jusqu\\u2019\\u00e0 <\\\/span><strong>110 dB(A)<\\\/strong><span class=\\\"s1\\\">.<\\\/span><\\\/p>\\n\n\n<p class=\\\"p1\\\">Percer un mur en b\\u00e9ton: <span class=\\\"s1\\\">jusqu\\u2019\\u00e0 <\\\/span><strong>120 dB(A)<\\\/strong><span class=\\\"s1\\\">.<\\\/span><\\\/p>\\n\n\n<p class=\\\"p1\\\">Passer du temps dans un restaurant o\\u00f9 se trouvent beaucoup de personnes: <span class=\\\"s1\\\"><strong>90 dB(A)<\\\/strong> <\\\/span>et plus.<\\\/p>\",\"content_column_breakpoint\":\"m\",\"icon_width\":80,\"image\":\"\",\"image_align\":\"right\",\"image_grid_breakpoint\":\"m\",\"image_grid_width\":\"1-4\",\"image_svg_color\":\"emphasis\",\"link_style\":\"default\",\"link_text\":\"Read more\",\"margin\":\"default\",\"meta\":\"sont plus proches l'un de l'autre que ce que l'on pourrait croire\",\"meta_align\":\"below-title\",\"meta_element\":\"div\",\"meta_style\":\"text-meta\",\"title\":\"Les d\\u00e9cibels et le temps\",\"title_align\":\"top\",\"title_element\":\"h3\",\"title_grid_breakpoint\":\"m\",\"title_grid_width\":\"1-2\",\"title_hover_style\":\"reset\"}}]}]}]},{\"type\":\"section\",\"props\":{\"id\":\"fragen-produktspezifisch\",\"image_position\":\"center-center\",\"style\":\"primary\",\"title_breakpoint\":\"xl\",\"title_position\":\"top-left\",\"title_rotation\":\"left\",\"vertical_align\":\"\",\"width\":\"large\"},\"children\":[{\"type\":\"row\",\"children\":[{\"type\":\"column\",\"props\":{\"image_position\":\"center-center\",\"position_sticky_breakpoint\":\"m\"},\"children\":[{\"type\":\"headline\",\"props\":{\"content\":\"Questions: Sp\\u00e9cifique \\u00e0 l'entreprise\",\"title_element\":\"h2\"}},{\"type\":\"list\",\"props\":{\"column_breakpoint\":\"m\",\"content_style\":\"h5\",\"icon\":\"check\",\"image_align\":\"left\",\"image_svg_color\":\"emphasis\",\"image_vertical_align\":true,\"list_element\":\"ul\",\"list_horizontal_separator\":\", \",\"list_size\":\"large\",\"list_style\":\"divider\",\"list_type\":\"vertical\",\"show_image\":true,\"show_link\":true},\"children\":[{\"type\":\"list_item\",\"props\":{\"content\":\"\n\n<p class=\\\"p1\\\">Quelles sont les situations de bruit que nous rencontrons dans notre entreprise?<\\\/p>\"}},{\"type\":\"list_item\",\"props\":{\"content\":\"\n\n<p class=\\\"p1\\\">Combien de protection auditive est-elle vraiement port\\u00e9e aux postes de travail bruyants?<\\\/p>\"}},{\"type\":\"list_item\",\"props\":{\"content\":\"\n\n<p class=\\\"p1\\\">Les collaborateurs savent-ils seulement \\u00e0 partir de quand le niveau sonore est trop \\u00e9lev\\u00e9 et dommageable pour l'audition ?<\\\/p>\"}},{\"type\":\"list_item\",\"props\":{\"content\":\"O\\u00f9 se trouvent chez nous des postes de travail bruyants qui n\\u00e9cessitent une protection auditive?\"}},{\"type\":\"list_item\",\"props\":{\"content\":\"Connaissez-vous le niveau de bruit pr\\u00e9sent sur votre poste de travail?\"}}]}]}]}]},{\"type\":\"section\",\"props\":{\"id\":\"massnahmen\",\"image_position\":\"center-center\",\"style\":\"default\",\"title_breakpoint\":\"xl\",\"title_position\":\"top-left\",\"title_rotation\":\"left\",\"vertical_align\":\"\",\"width\":\"large\"},\"children\":[{\"type\":\"row\",\"children\":[{\"type\":\"column\",\"props\":{\"image_position\":\"center-center\",\"position_sticky_breakpoint\":\"m\"},\"children\":[{\"type\":\"html\",\"props\":{\"content\":\" \"}},{\"type\":\"headline\",\"props\":{\"content\":\"2. Quelles mesures faut-il v\\u00e9rifier ?\",\"title_decoration\":\"bullet\",\"title_element\":\"h2\"}},{\"type\":\"panel\",\"props\":{\"content\":\"\n\n<p>Porter la protection auditive correcte en pr\\u00e9sence de <strong>100 dB(A)<\\\/strong> sur 8 h r\\u00e9duit l'exposition au bruit \\u00e0 moins de 80 dB(A) est n'est donc pas nocif !<\\\/p>\\n\n\n<p>Mais si la protection auditive n'est pas port\\u00e9e pendant un quart de ce laps de temps, l'exposition effective au bruit se situe \\u00e0 <strong>92 dB(A)<\\\/strong>. Comme le bruit \\u00e0 partir de 85 dB(A) nuit \\u00e0 l'audition, la protection compl\\u00e8te n'est plus garantie, malgr\\u00e9 le port d'une protection auditive durant le reste du temps.<\\\/p>\",\"content_column_breakpoint\":\"m\",\"icon_width\":80,\"image\":\"wp-content\\\/uploads\\\/toolbox_gehoerschutz_massnahmen.jpg\",\"image_align\":\"right\",\"image_grid_breakpoint\":\"m\",\"image_grid_width\":\"1-4\",\"image_svg_color\":\"emphasis\",\"link_style\":\"default\",\"link_text\":\"Read more\",\"margin\":\"default\",\"meta_align\":\"below-title\",\"meta_element\":\"div\",\"meta_style\":\"text-meta\",\"title\":\"Est-il possible de porter la protection auditive mise \\u00e0 disposition durant toute la p\\u00e9riode bruyante et le facteur de protection n\\u00e9cessaire est-il juste?\",\"title_align\":\"top\",\"title_element\":\"h3\",\"title_grid_breakpoint\":\"m\",\"title_grid_width\":\"1-2\",\"title_hover_style\":\"reset\"}}]}]}]},{\"type\":\"section\",\"props\":{\"id\":\"geeignete-psa\",\"image_position\":\"center-center\",\"style\":\"default\",\"title_breakpoint\":\"xl\",\"title_position\":\"top-left\",\"title_rotation\":\"left\",\"vertical_align\":\"\",\"width\":\"large\"},\"children\":[{\"type\":\"row\",\"children\":[{\"type\":\"column\",\"props\":{\"image_position\":\"center-center\",\"position_sticky_breakpoint\":\"m\"},\"children\":[{\"type\":\"html\",\"props\":{\"content\":\" \"}},{\"type\":\"headline\",\"props\":{\"content\":\"3. Quelles mesures ou bien quels EPI sont appropri\\u00e9s ?\",\"title_decoration\":\"bullet\",\"title_element\":\"h2\"}},{\"type\":\"accordion\",\"props\":{\"collapsible\":true,\"content_column_breakpoint\":\"m\",\"image_align\":\"top\",\"image_grid_breakpoint\":\"m\",\"image_grid_width\":\"1-2\",\"image_svg_color\":\"emphasis\",\"link_style\":\"default\",\"link_text\":\"Read more\",\"multiple\":true,\"show_image\":true,\"show_link\":true},\"children\":[{\"type\":\"accordion_item\",\"props\":{\"content\":\"\n\n<p class=\\\"p1\\\"><strong>Dur\\u00e9e de vie de moyenne d\\u2019une protection auditive:<\\\/strong><\\\/p>\\n\n\n<div class=\\\"uk-overflow-auto\\\">\\n\n\n<table class=\\\"uk-table\\\">\\n\n\n<tbody>\\n\n\n<tr class=\\\"el-item\\\">\\n\n\n<td class=\\\"uk-text-nowrap uk-table-shrink\\\">\\n\n\n<div class=\\\"el-title uk-text-primary\\\">\\n\n\n<p class=\\\"p1\\\">Bouchons en mousse<\\\/p>\\n<\\\/div>\\n<\\\/td>\\n\n\n<td class=\\\"uk-text-nowrap uk-table-shrink\\\">\\n\n\n<div class=\\\"el-meta\\\">\\n\n\n<p class=\\\"p1\\\">protection auditive \\u00e0 usage unique<\\\/p>\\n<\\\/div>\\n<\\\/td>\\n\n\n<td>\\n\n\n<div class=\\\"el-content uk-panel\\\">\\n\n\n<p class=\\\"p1\\\">\\u00e0 remplacer tous les jours<\\\/p>\\n<\\\/div>\\n<\\\/td>\\n<\\\/tr>\\n\n\n<tr class=\\\"el-item\\\">\\n\n\n<td class=\\\"uk-text-nowrap\\\">\\n\n\n<div class=\\\"el-title uk-text-primary\\\">\\n\n\n<p class=\\\"p1\\\">Protection auditive en forme de sapin<\\\/p>\\n<\\\/div>\\n<\\\/td>\\n\n\n<td class=\\\"uk-text-nowrap\\\">\\n\n\n<div class=\\\"el-meta\\\">\\n\n\n<p class=\\\"p1\\\">protection auditive r\\u00e9utilisable<\\\/p>\\n<\\\/div>\\n<\\\/td>\\n\n\n<td>\\n\n\n<div class=\\\"el-content uk-panel\\\">\\n\n\n<p class=\\\"p1\\\">\\u00e0 remplacer toutes les 2 \\u00e0 4 semaines<\\\/p>\\n<\\\/div>\\n<\\\/td>\\n<\\\/tr>\\n\n\n<tr class=\\\"el-item\\\">\\n\n\n<td class=\\\"uk-text-nowrap\\\">\\n\n\n<div class=\\\"el-title uk-text-primary\\\">\\n\n\n<p class=\\\"p1\\\">Arceau de protection auditive<\\\/p>\\n<\\\/div>\\n<\\\/td>\\n\n\n<td class=\\\"uk-text-nowrap\\\">\\n\n\n<div class=\\\"el-meta\\\">\\n\n\n<p class=\\\"p1\\\">protection auditive r\\u00e9utilisable<\\\/p>\\n<\\\/div>\\n<\\\/td>\\n\n\n<td>\\n\n\n<div class=\\\"el-content uk-panel\\\">\\n\n\n<p class=\\\"p1\\\">remplacer les bouchons toutes les 2 \\u00e0 4 semaines<br \\\/>remplacer l\\u2019arceau 2 \\u00e0 4 fois par an<\\\/p>\\n<\\\/div>\\n<\\\/td>\\n<\\\/tr>\\n\n\n<tr class=\\\"el-item\\\">\\n\n\n<td class=\\\"uk-text-nowrap\\\">\\n\n\n<div class=\\\"el-title uk-text-primary\\\">\\n\n\n<p class=\\\"p1\\\">Coquilles de protection auditive<\\\/p>\\n<\\\/div>\\n<\\\/td>\\n\n\n<td class=\\\"uk-text-nowrap\\\">\\n\n\n<div class=\\\"el-meta\\\">\\n\n\n<p class=\\\"p1\\\">protection auditive r\\u00e9utilisable<\\\/p>\\n<\\\/div>\\n<\\\/td>\\n\n\n<td>\\n\n\n<div class=\\\"el-content uk-panel\\\">\\n\n\n<p class=\\\"p1\\\">\\u00e0 remplacer tous les 1 \\u00e0 3 ans<br \\\/>remplacer l\\u2019arceau 2 \\u00e0 4 fois par an<\\\/p>\\n<\\\/div>\\n<\\\/td>\\n<\\\/tr>\\n\n\n<tr class=\\\"el-item\\\">\\n\n\n<td class=\\\"uk-text-nowrap\\\">\\n\n\n<div class=\\\"el-title uk-text-primary\\\">\\n\n\n<p class=\\\"p1\\\">Otoplastique<\\\/p>\\n<\\\/div>\\n<\\\/td>\\n\n\n<td class=\\\"uk-text-nowrap\\\">\\n\n\n<div class=\\\"el-meta\\\">\\n\n\n<p class=\\\"p1\\\">protection auditive r\\u00e9utilisable, de longue dur\\u00e9e<\\\/p>\\n<\\\/div>\\n<\\\/td>\\n\n\n<td>\\n\n\n<div class=\\\"el-content uk-panel\\\">\\n\n\n<p class=\\\"p1\\\">dur\\u00e9e de vie moyenne 5 ans<br \\\/>contr\\u00f4le de fonctionnement la premi\\u00e8re ann\\u00e9e, ensuite tous les 3 ans<\\\/p>\\n<\\\/div>\\n<\\\/td>\\n<\\\/tr>\\n<\\\/tbody>\\n<\\\/table>\\n<\\\/div>\",\"title\":\"La protection auditive utilis\\u00e9e actuellement est-elle encore en bon \\u00e9tat?\"}},{\"type\":\"accordion_item\",\"props\":{\"content\":\"\n\n<p class=\\\"p1\\\">La d\\u00e9termination de la bonne isolation d'une protection auditive peut se calculer comme suit:<\\\/p>\\n\n\n<p><strong>80 dB(A)<\\\/strong> est la valeur de base, donc le point z\\u00e9ro pour le calcul. L'oreille de chaque personne est diff\\u00e9rente et la mani\\u00e8re de porter la protection n'est pas toujours correcte. De plus, le conduit auditif change au cours de la vie. Lorsque la protection auditive est remplac\\u00e9e trop rarement, la fonction de protection diminue.<\\\/p>\\n\n\n<p>C'est pourquoi une \\u00absanction\\u00bb est int\\u00e9gr\\u00e9e dans le calcul qui diff\\u00e8re de la cat\\u00e9gorie de protection auditive (type de protection auditive).<\\\/p>\\n\n\n<p class=\\\"p1\\\"><strong>Bouchons en mousse<br \\\/><\\\/strong><strong><\\\/strong>p.ex. 36dB = 80dB + 36dB = 116dB \\u2013 9dB de sanction = <strong>107dB de protection<\\\/strong><\\\/p>\\n\n\n<p class=\\\"p1\\\"><strong>Protection auditive r\\u00e9utilisable<br \\\/><\\\/strong>p.ex. 30dB = 80dB + 30dB = 110dB \\u2013 6dB de sanction = <strong>104dB de protection<\\\/strong><\\\/p>\\n\n\n<p class=\\\"p1\\\"><strong>Protection auditive otoplastique<br \\\/><\\\/strong>p.ex. 34 dB=80dB + 34dB = 114dB \\u2013 3dB de sanction = <strong>111 dB de protection<\\\/strong><\\\/p>\",\"title\":\"Quelle protection auditive choisir?\"}},{\"type\":\"accordion_item\",\"props\":{\"content\":\"\n\n<p>Il faut par exemple frotter un bouchon en mousse pendant 30 secondes entre le pouce et l'index. D'une part, pour le rendre fin pour pouvoir l'introduire profond\\u00e9ment \\u00e0 l'int\\u00e9rieur du conduit auditif, d'autre part, il est important de rendre la mousse bien souple et chaude pour lui permettre ensuite de bien se dilater et de s'adapter au conduit auditif.<\\\/p>\\n\n\n<p>Il faut passer la main gauche par-dessus la t\\u00eate pour saisir et tirer l'oreille droite pour que le conduit auditif devienne rectiligne, ce qui permet d'introduire le bouchon correctement. Rel\\u00e2cher ensuite l'oreille et laisser un doigt de la main droite sur le bouchon de protection auditive jusqu'\\u00e0 ce que celui-ci se soit enti\\u00e8rement dilat\\u00e9 \\u00e0 l'int\\u00e9rieur du conduit auditif.<\\\/p>\\n\n\n<p>La mani\\u00e8re correcte d'introduire la protection auditive dans le conduit auditif ou de la placer sur les oreilles est d\\u00e9crite ou dessin\\u00e9e sur chaque emballage d'une protection auditive ou dans chaque mode d'emploi. Prenez note des instructions et informations du fabricant et respectez-les.<\\\/p>\",\"title\":\"Est-ce que j'installe le bouchon de protection auditive correctement dans mon oreille?\"}}]}]}]}]},{\"type\":\"section\",\"props\":{\"id\":\"fragen-produktspezifisch\",\"image_position\":\"center-center\",\"style\":\"primary\",\"title_breakpoint\":\"xl\",\"title_position\":\"top-left\",\"title_rotation\":\"left\",\"vertical_align\":\"\",\"width\":\"large\"},\"children\":[{\"type\":\"row\",\"children\":[{\"type\":\"column\",\"props\":{\"image_position\":\"center-center\",\"position_sticky_breakpoint\":\"m\"},\"children\":[{\"type\":\"headline\",\"props\":{\"content\":\"Questions: Sp\\u00e9cifique au produit\",\"title_element\":\"h2\"}},{\"type\":\"list\",\"props\":{\"column_breakpoint\":\"m\",\"content_style\":\"h5\",\"icon\":\"check\",\"image_align\":\"left\",\"image_svg_color\":\"emphasis\",\"image_vertical_align\":true,\"list_element\":\"ul\",\"list_horizontal_separator\":\", \",\"list_size\":\"large\",\"list_style\":\"divider\",\"list_type\":\"vertical\",\"show_image\":true,\"show_link\":true},\"children\":[{\"type\":\"list_item\",\"props\":{\"content\":\"\n\n<p class=\\\"p1\\\">Utilisez-vous la bonne protection auditive?<\\\/p>\"}},{\"type\":\"list_item\",\"props\":{\"content\":\"\n\n<p class=\\\"p1\\\">Connaissez-vous le pouvoir isolant de votre protection auditive?<\\\/p>\"}},{\"type\":\"list_item\",\"props\":{\"content\":\"\n\n<p class=\\\"p1\\\">Quand avez-vous v\\u00e9rifi\\u00e9 ou remplac\\u00e9 votre protection auditive pour la derni\\u00e8re fois?<\\\/p>\"}}]}]}]}]},{\"type\":\"section\",\"props\":{\"id\":\"weitere-hinweise\",\"image_position\":\"center-center\",\"style\":\"default\",\"title_breakpoint\":\"xl\",\"title_position\":\"top-left\",\"title_rotation\":\"left\",\"vertical_align\":\"\",\"width\":\"large\"},\"children\":[{\"type\":\"row\",\"children\":[{\"type\":\"column\",\"props\":{\"image_position\":\"center-center\",\"position_sticky_breakpoint\":\"m\"},\"children\":[{\"type\":\"html\",\"props\":{\"content\":\" \"}},{\"type\":\"headline\",\"props\":{\"content\":\"4. Renseignements plus d\\u00e9taill\\u00e9s en mati\\u00e8re d\\u2019application et d\\u2019utilisation\",\"title_decoration\":\"bullet\",\"title_element\":\"h2\"}}]}]},{\"type\":\"row\",\"children\":[{\"type\":\"column\",\"props\":{\"image_position\":\"center-center\",\"position_sticky_breakpoint\":\"m\"},\"children\":[{\"type\":\"panel\",\"props\":{\"content\":\"\n\n<div class=\\\"page\\\" title=\\\"Page 23\\\">\\n\n\n<div class=\\\"section\\\">\\n\n\n<div class=\\\"layoutArea\\\">\\n\n\n<div class=\\\"column\\\">\\n\n\n<div class=\\\"page\\\" title=\\\"Page 24\\\">\\n\n\n<div class=\\\"section\\\">\\n\n\n<div class=\\\"layoutArea\\\">\\n\n\n<div class=\\\"column\\\">\\n\n\n<div class=\\\"page\\\" title=\\\"Page 41\\\">\\n\n\n<div class=\\\"section\\\">\\n\n\n<div class=\\\"layoutArea\\\">\\n\n\n<div class=\\\"column\\\">\\n\n\n<ul>\\n\n\n<li><a href=\\\"https:\\\/\\\/www.swiss-safety.ch\\\/wp-content\\\/uploads\\\/norm_gehoerschutz_FR.pdf\\\" target=\\\"_blank\\\" rel=\\\"noopener\\\">Normes<\\\/a> (PDF)<\\\/li>\\n\n\n<li><a href=\\\"https:\\\/\\\/www.swiss-safety.ch\\\/wp-content\\\/uploads\\\/checkliste_gehoerschutz_FR.pdf\\\" target=\\\"_blank\\\" rel=\\\"noopener\\\">Liste de contr\\u00f4le<\\\/a> (PDF)<\\\/li>\\n\n\n<li><a href=\\\"https:\\\/\\\/www.suva.ch\\\/fr-ch\\\/prevention\\\/par-danger\\\/materiaux-rayonnements-et-situations-a-risque\\\/bruit-et-vibrations\\\/protecteurs-douie?lang=fr-CH\\\" target=\\\"_blank\\\" rel=\\\"noopener\\\">SUVA: protection de l\\u2019ou\\u00efe<\\\/a><\\\/li>\\n\\n\n\n<li><a href=\\\"https:\\\/\\\/www.suva.ch\\\/fr-ch\\\/prevention\\\/par-danger\\\/materiaux-rayonnements-et-situations-a-risque\\\/bruit-et-vibrations\\\/bruit-au-poste-de-travail?lang=fr-CH\\\" target=\\\"_blank\\\" rel=\\\"noopener\\\">SUVA: Protection contre le bruit au poste de travail<\\\/a><\\\/li>\\n\n\n<li><a href=\\\"https:\\\/\\\/www.suva.ch\\\/fr-ch\\\/download\\\/listes-de-controle\\\/protecteurs-d-ouie\\\/protecteurs-d-ouie--67020.F?lang=fr-CH\\\" target=\\\"_blank\\\" rel=\\\"noopener\\\">SUVA: Protecteurs d\\u2019ou\\u00efe<\\\/a><\\\/li>\\n\n\n<li><a href=\\\"https:\\\/\\\/www.suva.ch\\\/fr-ch\\\/prevention\\\/par-danger\\\/materiaux-rayonnements-et-situations-a-risque\\\/bruit-et-vibrations\\\/dossier-vous-disiez?lang=fr-CH\\\" target=\\\"_blank\\\" rel=\\\"noopener\\\">SUVA: Dossier d\\u2019enseignement \\u00abVous disiez?\\u00bb<\\\/a><\\\/li>\\n\n\n<li><a href=\\\"https:\\\/\\\/www.suva.ch\\\/fr-ch\\\/download\\\/videos-f\\\/napo--le-bruit-ca-suffit----une-video-de-sensibilisation\\\/standard-variante?lang=fr-CH\\\" target=\\\"_blank\\\" rel=\\\"noopener\\\">SUVA-Video: Napo: Le bruit \\u00e7a suffit!<\\\/a><\\\/li>\\n\n\n<li><a href=\\\"https:\\\/\\\/www.suva.ch\\\/fr-ch\\\/download\\\/document\\\/depliant--protecteurs-d-ouie-individuels--pensez-a-les-faire-controler\\\/standard-variante--88287.F?lang=fr-CH\\\" target=\\\"_blank\\\" rel=\\\"noopener\\\">SUVA: D\\u00e9pliant: Protecteurs d\\u2019ou\\u00efe individuels<\\\/a><\\\/li>\\n<\\\/ul>\\n\n\n<ul>\\n\n\n<li><a href=\\\"https:\\\/\\\/www.suva.ch\\\/fr-ch\\\/prevention\\\/regles-vitales-et-dispositions\\\/bien-protege-avec-un-equipement-de-protection-individuelle?lang=fr-CH\\\" target=\\\"_blank\\\" rel=\\\"noopener\\\"><span>Suva: EPI<\\\/span><\\\/a><\\\/li>\\n\n\n<li><a href=\\\"https:\\\/\\\/www.suva.ch\\\/fr-ch\\\/download\\\/listes-de-controle\\\/liste-de-controle--equipements-de-protection-individuelle--epi\\\/liste-de-controle--equipements-de-protection-individuelle--epi--67091.F?lang=fr-CH\\\" target=\\\"_blank\\\" rel=\\\"noopener\\\">Suva: Liste de contr\\u00f4le EPI<\\\/a><\\\/li>\\n\n\n<li><a href=\\\"https:\\\/\\\/www.suva.ch\\\/fr-ch\\\/prevention\\\/regles-vitales-et-dispositions\\\/bien-protege-avec-un-equipement-de-protection-individuelle\\\/personliche-schutzausrustung-psa-rechtliche-grundlagen?lang=fr-CH\\\" target=\\\"_blank\\\" rel=\\\"noopener\\\">Suva: Bases l\\u00e9gales relatives aux EPI\\u00a0<\\\/a><\\\/li>\\n    \n\n<li><a href=\\\"https:\\\/\\\/www.suva.ch\\\/fr-ch\\\/prevention\\\/par-branche\\\/securiser-les-chantiers\\\/ordonnance-actuelle-sur-les-travaux-de-construction-otconst-2022?lang=fr-CH\\\" target=\\\"_blank\\\" rel=\\\"noopener\\\">Suva: Nouvelle ordonnance sur les travaux de construction (OTConst) 2022<\\\/a><\\\/li>\\n    \n\n<li><a href=\\\"https:\\\/\\\/www.suva.ch\\\/fr-ch\\\/prevention\\\/par-danger\\\/materiaux-rayonnements-et-situations-a-risque\\\/stockage-et-transport-en-entreprise-securises?lang=fr-CH\\\" target=\\\"_blank\\\" rel=\\\"noopener\\\"><span>Suva: Stockage et transport en entreprise<\\\/span><\\\/a><\\\/li>\\n\n\n<li><a href=\\\"https:\\\/\\\/www.suva.ch\\\/fr-ch\\\/prevention\\\/par-branche\\\/securiser-les-chantiers?lang=fr-CH\\\" target=\\\"_blank\\\" rel=\\\"noopener\\\"><span>Suva: La s\\u00e9curit\\u00e9 sur les chantiers<\\\/span><\\\/a><\\\/li>\\n\n\n<li><a href=\\\"https:\\\/\\\/www.suva.ch\\\/fr-ch\\\/prevention\\\/par-branche\\\/systemes-de-securite-transports-route-chemins-de-fer-remontees-mecaniques-teleskis-transport-aerien?lang=fr-CH\\\" target=\\\"_blank\\\" rel=\\\"noopener\\\"><span>Suva: Transports s\\u00fbrs<\\\/span><\\\/a><\\\/li>\\n\n\n<li><a href=\\\"https:\\\/\\\/www.suva.ch\\\/fr-ch\\\/prevention\\\/par-branche\\\/securite-au-travail-dans-l-artisanat-et-l-industrie\\\/metallurgie\\\/mesures-de-protection-dans-la-metallurgie?lang=fr-CH\\\" target=\\\"_blank\\\" rel=\\\"noopener\\\"><span>Suva: Mesures de protection efficaces dans la m\\u00e9tallurgie<\\\/span><\\\/a><\\\/li>\\n\n\n<li><a href=\\\"https:\\\/\\\/www.suva.ch\\\/fr-ch\\\/prevention\\\/par-branche\\\/securite-au-travail-dans-l-artisanat-et-l-industrie\\\/transformation-du-bois-en-toute-securite?lang=fr-CH\\\" target=\\\"_blank\\\" rel=\\\"noopener\\\"><span>Suva: Transformation du bois<\\\/span><\\\/a><\\\/li>\\n\n\n<li><a href=\\\"https:\\\/\\\/www.suva.ch\\\/fr-ch\\\/prevention\\\/par-branche\\\/eviter-les-accidents-lors-de-travaux-forestiers?lang=fr-CH\\\" target=\\\"_blank\\\" rel=\\\"noopener\\\"><span>Suva: S\\u00e9curit\\u00e9 du travail en for\\u00eat<\\\/span><\\\/a><\\\/li>\\n<\\\/ul>\\n\n\n<ul>\\n\n\n<li><a href=\\\"https:\\\/\\\/www.ekas.admin.ch\\\/fr\\\/centre-dinformations\\\/publications-de-la-cfst?searchTerm=CFST+COMMUNICATIONS&page=1\\\" target=\\\"_blank\\\" rel=\\\"noopener\\\">CFST Communications EPI<\\\/a><\\\/li><\\\/ul>\\n\",\"content_column_breakpoint\":\"m\",\"icon_width\":80,\"image_align\":\"top\",\"image_grid_breakpoint\":\"m\",\"image_grid_width\":\"1-2\",\"image_svg_color\":\"emphasis\",\"link_style\":\"default\",\"link_text\":\"Read more\",\"margin\":\"default\",\"meta_align\":\"below-title\",\"meta_element\":\"div\",\"meta_style\":\"text-meta\",\"title\":\"O\\u00f9 puis-je trouver plus d\\u2019informations?\",\"title_align\":\"top\",\"title_element\":\"h3\",\"title_grid_breakpoint\":\"m\",\"title_grid_width\":\"1-2\",\"title_hover_style\":\"reset\"}},{\"type\":\"divider\",\"props\":{\"divider_element\":\"hr\"}}]}]}]},{\"type\":\"section\",\"props\":{\"image_position\":\"center-center\",\"style\":\"default\",\"title_breakpoint\":\"xl\",\"title_position\":\"top-left\",\"title_rotation\":\"left\",\"vertical_align\":\"\",\"width\":\"expand\"},\"children\":[{\"type\":\"row\",\"children\":[{\"type\":\"column\",\"props\":{\"image_position\":\"center-center\",\"position_sticky_breakpoint\":\"m\",\"width_medium\":\"1-2\"},\"children\":[{\"type\":\"button\",\"props\":{\"grid_column_gap\":\"small\",\"grid_row_gap\":\"small\",\"margin\":\"default\",\"text_align\":\"center\"},\"children\":[{\"type\":\"button_item\",\"props\":{\"button_style\":\"primary\",\"content\":\"Vers le haut de la page\",\"icon_align\":\"left\",\"link\":\"#top\"}}]}]},{\"type\":\"column\",\"props\":{\"image_position\":\"center-center\",\"position_sticky_breakpoint\":\"m\",\"width_medium\":\"1-2\"},\"children\":[{\"type\":\"button\",\"props\":{\"grid_column_gap\":\"small\",\"grid_row_gap\":\"small\",\"margin\":\"default\",\"text_align\":\"center\"},\"children\":[{\"type\":\"button_item\",\"props\":{\"button_style\":\"danger\",\"content\":\"Retour \\u00e0 \\u00ab Cat\\u00e9gories \\u00bb\",\"icon_align\":\"left\",\"link\":\"fr\\\/e-toolbox\\\/categories\\\/\"}}]}]}],\"props\":{\"layout\":\"1-2,1-2\"}}],\"name\":\"E-Toolbox - Buttons Ende\"}],\"version\":\"4.4.19\"} --><\/p>\n","protected":false},"excerpt":{"rendered":"<p>1. Risques 2. Mesures 3. EPI appropri\u00e9s 4. Renseignements \u00ab\u00a0Cat\u00e9gories\u00a0\u00bb 1. Risques 2. Mesures 3. EPI appropri\u00e9s 4. Renseignements Cat\u00e9gories Protection auditive ou &#8230; COMMENT? Nos oreilles ne nous servent pas seulement \u00e0 \u00e9couter mais aussi \u00e0 garder notre \u00e9quilibre. Nous avons donc besoin d&rsquo;une audition optimale et de prot\u00e9ger notre ou\u00efe. C&rsquo;est seulement en [&hellip;]<\/p>\n","protected":false},"author":1,"featured_media":0,"parent":2499,"menu_order":0,"comment_status":"closed","ping_status":"closed","template":"","meta":{"footnotes":""},"class_list":["post-2659","page","type-page","status-publish","hentry"],"_links":{"self":[{"href":"https:\/\/www.swiss-safety.ch\/fr\/wp-json\/wp\/v2\/pages\/2659","targetHints":{"allow":["GET"]}}],"collection":[{"href":"https:\/\/www.swiss-safety.ch\/fr\/wp-json\/wp\/v2\/pages"}],"about":[{"href":"https:\/\/www.swiss-safety.ch\/fr\/wp-json\/wp\/v2\/types\/page"}],"author":[{"embeddable":true,"href":"https:\/\/www.swiss-safety.ch\/fr\/wp-json\/wp\/v2\/users\/1"}],"replies":[{"embeddable":true,"href":"https:\/\/www.swiss-safety.ch\/fr\/wp-json\/wp\/v2\/comments?post=2659"}],"version-history":[{"count":40,"href":"https:\/\/www.swiss-safety.ch\/fr\/wp-json\/wp\/v2\/pages\/2659\/revisions"}],"predecessor-version":[{"id":4914,"href":"https:\/\/www.swiss-safety.ch\/fr\/wp-json\/wp\/v2\/pages\/2659\/revisions\/4914"}],"up":[{"embeddable":true,"href":"https:\/\/www.swiss-safety.ch\/fr\/wp-json\/wp\/v2\/pages\/2499"}],"wp:attachment":[{"href":"https:\/\/www.swiss-safety.ch\/fr\/wp-json\/wp\/v2\/media?parent=2659"}],"curies":[{"name":"wp","href":"https:\/\/api.w.org\/{rel}","templated":true}]}}